{"id":659,"date":"2019-04-13T14:41:46","date_gmt":"2019-04-13T12:41:46","guid":{"rendered":"http:\/\/wordpress.heimatbund-garching.de\/?page_id=659"},"modified":"2022-03-30T17:41:22","modified_gmt":"2022-03-30T15:41:22","slug":"geschichte","status":"publish","type":"page","link":"https:\/\/www.heimatbund-garching.de\/?page_id=659","title":{"rendered":"Geschichte"},"content":{"rendered":"\t\t<div data-elementor-type=\"wp-post\" data-elementor-id=\"659\" class=\"elementor elementor-659\">\n\t\t\t\t\t\t<section class=\"elementor-section elementor-top-section elementor-element elementor-element-1c57d3b elementor-section-boxed elementor-section-height-default elementor-section-height-default\" data-id=\"1c57d3b\" data-element_type=\"section\" data-e-type=\"section\" data-settings=\"{&quot;background_background&quot;:&quot;classic&quot;}\">\n\t\t\t\t\t\t<div class=\"elementor-container elementor-column-gap-default\">\n\t\t\t\t\t<div class=\"elementor-column elementor-col-100 elementor-top-column elementor-element elementor-element-86d7e43\" data-id=\"86d7e43\" data-element_type=\"column\" data-e-type=\"column\">\n\t\t\t<div class=\"elementor-widget-wrap elementor-element-populated\">\n\t\t\t\t\t\t<div class=\"elementor-element elementor-element-662581f elementor-widget elementor-widget-heading\" data-id=\"662581f\" data-element_type=\"widget\" data-e-type=\"widget\" data-widget_type=\"heading.default\">\n\t\t\t\t<div class=\"elementor-widget-container\">\n\t\t\t\t\t<h2 class=\"elementor-heading-title elementor-size-default\">Geschichte<\/h2>\t\t\t\t<\/div>\n\t\t\t\t<\/div>\n\t\t\t\t\t<\/div>\n\t\t<\/div>\n\t\t\t\t\t<\/div>\n\t\t<\/section>\n\t\t\t\t<section class=\"elementor-section elementor-top-section elementor-element elementor-element-3d727c2 elementor-section-boxed elementor-section-height-default elementor-section-height-default\" data-id=\"3d727c2\" data-element_type=\"section\" data-e-type=\"section\">\n\t\t\t\t\t\t<div class=\"elementor-container elementor-column-gap-default\">\n\t\t\t\t\t<div class=\"elementor-column elementor-col-100 elementor-top-column elementor-element elementor-element-6f6d4c7\" data-id=\"6f6d4c7\" data-element_type=\"column\" data-e-type=\"column\">\n\t\t\t<div class=\"elementor-widget-wrap elementor-element-populated\">\n\t\t\t\t\t\t<div class=\"elementor-element elementor-element-8277c71 elementor-widget elementor-widget-heading\" data-id=\"8277c71\" data-element_type=\"widget\" data-e-type=\"widget\" data-widget_type=\"heading.default\">\n\t\t\t\t<div class=\"elementor-widget-container\">\n\t\t\t\t\t<h1 class=\"elementor-heading-title elementor-size-default\">Heimatverein \/ Heimatbund Garching (1950)<\/h1>\t\t\t\t<\/div>\n\t\t\t\t<\/div>\n\t\t\t\t<div class=\"elementor-element elementor-element-06ac9ae elementor-drop-cap-yes elementor-drop-cap-view-default elementor-widget elementor-widget-text-editor\" data-id=\"06ac9ae\" data-element_type=\"widget\" data-e-type=\"widget\" data-settings=\"{&quot;drop_cap&quot;:&quot;yes&quot;}\" data-widget_type=\"text-editor.default\">\n\t\t\t\t<div class=\"elementor-widget-container\">\n\t\t\t\t\t\t\t\t\t<header><blockquote><p><span style=\"font-size: 16px;\">&#8222;<\/span><i style=\"font-size: 16px;\">Die Liebe zur Heimat, deren Erforschung in geschichtlicher und naturwissenschaftlicher Hinsicht und nicht zuletzt die Sorge um die Erhaltung der Boden-, Bau- und Naturdenkm\u00e4ler und des alten V\u00e4tergutes, sowie Natur- und Landschaftsschutz haben vor gut 25 Jahren zwei Freunde zusammengef\u00fchrt: Josef Dirscherl (Hauptlehrer) und Hans Schimmelbauer (Gemeindeangestellter)<\/i><span style=\"font-size: 16px;\">&#8222;<\/span><\/p><\/blockquote><\/header>\t\t\t\t\t\t\t\t<\/div>\n\t\t\t\t<\/div>\n\t\t\t\t<div class=\"elementor-element elementor-element-29a1ecd elementor-widget elementor-widget-text-editor\" data-id=\"29a1ecd\" data-element_type=\"widget\" data-e-type=\"widget\" data-widget_type=\"text-editor.default\">\n\t\t\t\t<div class=\"elementor-widget-container\">\n\t\t\t\t\t\t\t\t\t<p><span style=\"font-family: 'Libre Baskerville', sans-serif; font-size: 16px; text-align: center;\">so beginnt die Chronik des Heimatbundes Garching.<\/span><\/p>\t\t\t\t\t\t\t\t<\/div>\n\t\t\t\t<\/div>\n\t\t\t\t\t<\/div>\n\t\t<\/div>\n\t\t\t\t\t<\/div>\n\t\t<\/section>\n\t\t\t\t<section class=\"elementor-section elementor-top-section elementor-element elementor-element-775026c elementor-section-boxed elementor-section-height-default elementor-section-height-default\" data-id=\"775026c\" data-element_type=\"section\" data-e-type=\"section\">\n\t\t\t\t\t\t<div class=\"elementor-container elementor-column-gap-default\">\n\t\t\t\t\t<div class=\"elementor-column elementor-col-100 elementor-top-column elementor-element elementor-element-a6b1913\" data-id=\"a6b1913\" data-element_type=\"column\" data-e-type=\"column\">\n\t\t\t<div class=\"elementor-widget-wrap elementor-element-populated\">\n\t\t\t\t\t\t<div class=\"elementor-element elementor-element-521d389 elementor-drop-cap-yes elementor-drop-cap-view-default elementor-widget elementor-widget-text-editor\" data-id=\"521d389\" data-element_type=\"widget\" data-e-type=\"widget\" data-settings=\"{&quot;drop_cap&quot;:&quot;yes&quot;}\" data-widget_type=\"text-editor.default\">\n\t\t\t\t<div class=\"elementor-widget-container\">\n\t\t\t\t\t\t\t\t\t<h3>Quellen<\/h3><ul><li>Geschichte und G&#8217;schichten aus der Gemeinde Garching a. d. Alz<\/li><li>Vereinsbuch<\/li><li>Presseberichte<\/li><li>Programme und Sitzungsprotokolle des Heimatbundes Garching<\/li><\/ul>\t\t\t\t\t\t\t\t<\/div>\n\t\t\t\t<\/div>\n\t\t\t\t\t<\/div>\n\t\t<\/div>\n\t\t\t\t\t<\/div>\n\t\t<\/section>\n\t\t\t\t<section class=\"elementor-section elementor-top-section elementor-element elementor-element-7834afa elementor-section-boxed elementor-section-height-default elementor-section-height-default\" data-id=\"7834afa\" data-element_type=\"section\" data-e-type=\"section\">\n\t\t\t\t\t\t<div class=\"elementor-container elementor-column-gap-default\">\n\t\t\t\t\t<div class=\"elementor-column elementor-col-100 elementor-top-column elementor-element elementor-element-d4ba9a2\" data-id=\"d4ba9a2\" data-element_type=\"column\" data-e-type=\"column\">\n\t\t\t<div class=\"elementor-widget-wrap elementor-element-populated\">\n\t\t\t\t\t\t<div class=\"elementor-element elementor-element-dacf87a elementor-widget elementor-widget-text-editor\" data-id=\"dacf87a\" data-element_type=\"widget\" data-e-type=\"widget\" data-widget_type=\"text-editor.default\">\n\t\t\t\t<div class=\"elementor-widget-container\">\n\t\t\t\t\t\t\t\t\t<h3>1951<\/h3><p>30. Oktober: Heimatwanderung nach Feichten mit Prof. R\u00f6hrl aus Alt\u00f6tting zusammen mit den Alt\u00f6ttinger Heimat- und Naturfreunden.<\/p>\t\t\t\t\t\t\t\t<\/div>\n\t\t\t\t<\/div>\n\t\t\t\t<div class=\"elementor-element elementor-element-11c1b5f elementor-widget elementor-widget-text-editor\" data-id=\"11c1b5f\" data-element_type=\"widget\" data-e-type=\"widget\" data-widget_type=\"text-editor.default\">\n\t\t\t\t<div class=\"elementor-widget-container\">\n\t\t\t\t\t\t\t\t\t<h3>1953<\/h3><p>29. M\u00e4rz: Bei der B\u00fcrgerversammlung beim Gasthaus Schartner wurde zur Vereinsgr\u00fcndung aufgerufen, 118 interessierte Personen meldeten sich.<\/p><p>25. April: Gr\u00fcndungsversammlung vom Heimatbund im Gasthaus Atterer: &#8222;V\u00f6llig unpolitisch, soll die Vereinigung beitragen das Interesse an unserer sch\u00f6nen Heimat zu f\u00f6rdern durch gesellige Zusammenk\u00fcnfte, Vortr\u00e4ge, Wanderungen und Wanderfahrten. Alle sind uns willkommen, Alteingesessene, Heimatvertriebene, Bauern und Arbeiter, Handwerker und Gesch\u00e4ftsleute, Angestellte und Beamte, M\u00e4nner und Frauen und besonders die erwachsene Jugend.&#8220;<\/p><p>In die Vorstandschaft des Vereins wurden gew\u00e4hlt: Hans Schimmelbauer (1.Vorsitzender), Josef Dirscherl (2.Vorsitzender), Ernst Mayer (Schriftf\u00fchrer), Georg Thalhammer (Kassier).<\/p><p>Gr\u00fcndungsmitglieder: Schimmelbauer Hans, Dirscherl Josef, Alfons H\u00f6rmann, Ernst Mayer, Georg Thalhammer.<\/p><p>Im Bericht vom Trostberger Tagblatt ist bereits von 160 Mitgliedern die Rede.<\/p><p>31. Mai: Die erste Veranstaltung war einer Wanderung nach Tacherting unter der Teilnahme von 40 Personen.<\/p>\t\t\t\t\t\t\t\t<\/div>\n\t\t\t\t<\/div>\n\t\t\t\t<div class=\"elementor-element elementor-element-ea148dd elementor-widget elementor-widget-text-editor\" data-id=\"ea148dd\" data-element_type=\"widget\" data-e-type=\"widget\" data-widget_type=\"text-editor.default\">\n\t\t\t\t<div class=\"elementor-widget-container\">\n\t\t\t\t\t\t\t\t\t<h3>1954<\/h3><p>2. Februar: Heimatabend beim Gasthaus Schartner. Die Veranstaltung fand zu Ehren des Franz Zieglg\u00e4nsberger statt, der im Jahr 1927 nach Kanada ausgewandert ist und nun zum ersten Mal wieder in seiner Heimat weilt. Teilnehmer waren die Musikgruppe Brandlhuber und der Walder Trachtenverein, Frl. Maria Perreiter.<\/p><p>Der Verein hat mittlerweile an die 200 Mitglieder.<\/p><p>Vom Heimatbund wurden 5 Ruheb\u00e4nke angeschafft und an Spazierwegen im Gemeindebereich aufgestellt.<\/p>\t\t\t\t\t\t\t\t<\/div>\n\t\t\t\t<\/div>\n\t\t\t\t<div class=\"elementor-element elementor-element-cfd1123 elementor-widget elementor-widget-text-editor\" data-id=\"cfd1123\" data-element_type=\"widget\" data-e-type=\"widget\" data-widget_type=\"text-editor.default\">\n\t\t\t\t<div class=\"elementor-widget-container\">\n\t\t\t\t\t\t\t\t\t<h3>1955<\/h3><p>&#8222;Der vor zwei Jahren gegr\u00fcndete Heimatbund Garching ist in stetigem Wachsen. Bei einer Einwohnerzahl von etwa 3800 Menschen z\u00e4hlt er mit \u00fcber 300 Mitgliedern prozentual zu den st\u00e4rksten Ortsvereinen Bayerns. Erfreulich ist besonders, da\u00df neben Einheimischen und Neub\u00fcrgern die Jugendlichen starkes Interesse zeigen. Die Beteiligung an Fu\u00dfwanderungen und Wanderfahrten ist rege. Eine Fahrt nach Baumburg-Rabenden-Seeon hatte 60 Teilnehmer. Der erste Vorsitzende, Brgermeister H. Schimmelbauer ist ein eifriger F\u00f6rderer des Heimatgedankens.&#8220;<\/p><p>Die Erneuerung der Alztaler Tracht wird betrieben. Durch die Zusammenarbeit mit der Trachtenforscherin Dr. Barbara Br\u00fcckner aus M\u00fcnchen konnte &#8211; von alten Votivtafeln ausgehend &#8211; die Werktagstracht f\u00fcr Frauen nachgeschneidert werden.<\/p><p>Im Dezember 1955 veranstaltete der Heimatbund ein Weihnachtssingen mit der Burghauser Sing- und Spielgruppe Kammerer.<\/p>\t\t\t\t\t\t\t\t<\/div>\n\t\t\t\t<\/div>\n\t\t\t\t<div class=\"elementor-element elementor-element-79c7afa elementor-widget elementor-widget-text-editor\" data-id=\"79c7afa\" data-element_type=\"widget\" data-e-type=\"widget\" data-widget_type=\"text-editor.default\">\n\t\t\t\t<div class=\"elementor-widget-container\">\n\t\t\t\t\t\t\t\t\t<h3>1959<\/h3><p>Der 2. Vorsitzende des Garchinger Heimatbundes, Josef Dirscherl, beendet seine T\u00e4tigkeit als erster Heimatpfleger des Landkreises Alt\u00f6tting (seit 1951).<\/p>\t\t\t\t\t\t\t\t<\/div>\n\t\t\t\t<\/div>\n\t\t\t\t<div class=\"elementor-element elementor-element-73a2e3c elementor-widget elementor-widget-text-editor\" data-id=\"73a2e3c\" data-element_type=\"widget\" data-e-type=\"widget\" data-widget_type=\"text-editor.default\">\n\t\t\t\t<div class=\"elementor-widget-container\">\n\t\t\t\t\t\t\t\t\t<h3>1961<\/h3><p>Fotowettbewerb \u201eUnsere Heimat\u201c: 40 Photoamateure beteiligten sich mit Aufnahmen aus der engeren Heimat, aus dem Alztal und dem Chiemseegebiet.<\/p><p>Der 1. Preis wurde einer meisterhaften Aufnahme des B\u00fcrgermeisters zuteil. Sein \u201eSommergewitter \u00fcber dem Alztal&#8220; fand den ungeteilten Beifall der Anwesenden. B\u00fcrgermeister Schimmelbauer verzichtete jedoch auf den Ehrenpreis.<br \/>2. Preis: Savini aus Hart, Winterstimmung mit aufsteigendem Nebel ber der Alz;<br \/>3. Preis: Peter Osenst\u00e4tter junior, Sanddornbeerenstrau\u00df;<br \/>4. Preis: Georg Huber, Garchinger M\u00fchlbach;<br \/>5. Preis: Dr. Pritzel aus Trostberg, Trostberger Orgelpfeifen;<br \/>6. Preis: Anwander, Garchinger Bauer;<br \/>7. Preis: Dr. Wagner, Herbststimmung am W\u00f6hrsee.<\/p>\t\t\t\t\t\t\t\t<\/div>\n\t\t\t\t<\/div>\n\t\t\t\t<div class=\"elementor-element elementor-element-e3d7eee elementor-widget elementor-widget-text-editor\" data-id=\"e3d7eee\" data-element_type=\"widget\" data-e-type=\"widget\" data-widget_type=\"text-editor.default\">\n\t\t\t\t<div class=\"elementor-widget-container\">\n\t\t\t\t\t\t\t\t\t<h3>1965<\/h3><p>16. November: Jahreshauptversammlung: Wahl des 1. Vorsitzenden. B\u00fcrgermeister Anwander l\u00f6st den nunmaligen Landrat Schimmelbauer ab. Schimmelbauer wird zum Ehrenvorsitzenden des Vereins ernannt.<\/p>\t\t\t\t\t\t\t\t<\/div>\n\t\t\t\t<\/div>\n\t\t\t\t<div class=\"elementor-element elementor-element-892b65f elementor-widget elementor-widget-text-editor\" data-id=\"892b65f\" data-element_type=\"widget\" data-e-type=\"widget\" data-widget_type=\"text-editor.default\">\n\t\t\t\t<div class=\"elementor-widget-container\">\n\t\t\t\t\t\t\t\t\t<h3>1966<\/h3><p>Februar: In der Faschingsveranstaltung brilliert Dirscherl mit seinen \u041curfinger Geschichten<\/p>\t\t\t\t\t\t\t\t<\/div>\n\t\t\t\t<\/div>\n\t\t\t\t<div class=\"elementor-element elementor-element-18e8bc7 elementor-widget elementor-widget-text-editor\" data-id=\"18e8bc7\" data-element_type=\"widget\" data-e-type=\"widget\" data-widget_type=\"text-editor.default\">\n\t\t\t\t<div class=\"elementor-widget-container\">\n\t\t\t\t\t\t\t\t\t<h3>1969<\/h3><p>Mai: Neuwahl der Vorstandschaft. Erster Vorsitzender: Josef Schwoshuber; Zweiter Vorsitzender: Josef Dirscherl; Schriftf\u00fchrer: Peter Osenstetter; Chronist: Otto Kuhn<\/p><p>Oktober: Der Verein z\u00e4hlt 382 Mitglieder.<\/p>\t\t\t\t\t\t\t\t<\/div>\n\t\t\t\t<\/div>\n\t\t\t\t<div class=\"elementor-element elementor-element-5e9aded elementor-widget elementor-widget-text-editor\" data-id=\"5e9aded\" data-element_type=\"widget\" data-e-type=\"widget\" data-widget_type=\"text-editor.default\">\n\t\t\t\t<div class=\"elementor-widget-container\">\n\t\t\t\t\t\t\t\t\t<h3>1973<\/h3><figure id=\"attachment_962\" aria-describedby=\"caption-attachment-962\" style=\"width: 285px\" class=\"wp-caption alignleft\"><img fetchpriority=\"high\" decoding=\"async\" class=\"wp-image-962 size-full\" src=\"https:\/\/www.heimatbund-garching.de\/wp-content\/uploads\/2019\/06\/1973.png\" alt=\"\" width=\"285\" height=\"199\" \/><figcaption id=\"caption-attachment-962\" class=\"wp-caption-text\">v.l.: Landrat Seban D\u00f6nhuber, Gemeinderat Christian Drexl, Gr\u00fcndungsmitglied Hans Schimmelbauer mit Gattin und Vereinsvorsitzender Josef Schwoshuber<\/figcaption><\/figure><h3>\u00a0<\/h3><p>21. Oktober: Feier des 20j\u00e4hrigen Vereinsjubil\u00e4ums. Abendveranstaltung mit den \u201eTauferbuam\u201c<\/p>\t\t\t\t\t\t\t\t<\/div>\n\t\t\t\t<\/div>\n\t\t\t\t<div class=\"elementor-element elementor-element-7d0d63a elementor-widget elementor-widget-text-editor\" data-id=\"7d0d63a\" data-element_type=\"widget\" data-e-type=\"widget\" data-widget_type=\"text-editor.default\">\n\t\t\t\t<div class=\"elementor-widget-container\">\n\t\t\t\t\t\t\t\t\t<h3>1976<\/h3><p>Neuwahlen der Vorstandschaft: Erster Vorsitzender: Richard Demmel; Zweiter Vorsitzender: Wolfgang Rank; Kassier: Dietmar Paul; Schriftf\u00fchrer: Paul Maier.<\/p>\t\t\t\t\t\t\t\t<\/div>\n\t\t\t\t<\/div>\n\t\t\t\t<div class=\"elementor-element elementor-element-8ff3019 elementor-widget elementor-widget-text-editor\" data-id=\"8ff3019\" data-element_type=\"widget\" data-e-type=\"widget\" data-widget_type=\"text-editor.default\">\n\t\t\t\t<div class=\"elementor-widget-container\">\n\t\t\t\t\t\t\t\t\t<h3>1978<\/h3><figure id=\"attachment_963\" aria-describedby=\"caption-attachment-963\" style=\"width: 286px\" class=\"wp-caption alignright\"><img decoding=\"async\" class=\"wp-image-963 size-full\" src=\"https:\/\/www.heimatbund-garching.de\/wp-content\/uploads\/2019\/06\/1978.png\" alt=\"\" width=\"286\" height=\"194\" \/><figcaption id=\"caption-attachment-963\" class=\"wp-caption-text\">Am Rednerpult Vorstand Richard Demmel, am Tisch im Vordergrund Gr\u00fcndungsmitglied Josef Dirscherl und B\u00fcrgermeister Georg Thalhammer mit Gattin<\/figcaption><\/figure><p>\u200b<\/p><p>Mai: Feier des 25j\u00e4hrigen Vereinsjubil\u00e4ums mit Festvortr\u00e4gen von Josef Dirscherl und Landrat D\u00f6nhuber. Mitwirkende: Kapelle Taufer; Kastler Musikanten, Wigg Ponzauner; Walchschmied Buam.<\/p>\t\t\t\t\t\t\t\t<\/div>\n\t\t\t\t<\/div>\n\t\t\t\t<div class=\"elementor-element elementor-element-0012485 elementor-widget elementor-widget-text-editor\" data-id=\"0012485\" data-element_type=\"widget\" data-e-type=\"widget\" data-widget_type=\"text-editor.default\">\n\t\t\t\t<div class=\"elementor-widget-container\">\n\t\t\t\t\t\t\t\t\t<h3>1979<\/h3><p>19. Juni: Eintrag ins Vereinsregister beim Amtsgericht Alt\u00f6tting unter der Nummer VR 146.<\/p>\t\t\t\t\t\t\t\t<\/div>\n\t\t\t\t<\/div>\n\t\t\t\t<div class=\"elementor-element elementor-element-92c8b98 elementor-widget elementor-widget-text-editor\" data-id=\"92c8b98\" data-element_type=\"widget\" data-e-type=\"widget\" data-widget_type=\"text-editor.default\">\n\t\t\t\t<div class=\"elementor-widget-container\">\n\t\t\t\t\t\t\t\t\t<h3 class=\"element-header \">1980<\/h3><p><img decoding=\"async\" class=\"size-medium wp-image-964 alignleft\" src=\"http:\/\/wordpress.heimatbund-garching.de\/wp-content\/uploads\/2019\/06\/1980-241x300.png\" alt=\"\" width=\"241\" height=\"300\" srcset=\"https:\/\/www.heimatbund-garching.de\/wp-content\/uploads\/2019\/06\/1980-241x300.png 241w, https:\/\/www.heimatbund-garching.de\/wp-content\/uploads\/2019\/06\/1980.png 287w\" sizes=\"(max-width: 241px) 100vw, 241px\" \/>24. April: Erster Bericht in der Tagespresse (ANA) \u00fcber die Renovierung der Kleindenkm\u00e4ler durch den Heimatbund Garching, besonders durch die T\u00e4tigkeit von Paul Maier<i>\u00a0(im Bild links)<\/i>.<\/p><p>Zusammenschlu\u00df der Heimatvereine im Landkreis Alt\u00f6tting, die als \u041eettinger Heimatland e.V.die Schriftenreihe \u041eettinger Landherausbringen. Unter den Gr\u00fcndungsvereinen ist auch der Heimatbund Garching a. d. Alz e.V..<\/p><p>Das Jahrbuch \u201e\u041eettinger Land\u201c lebt von den Aufs\u00e4tzen seiner Autoren, darunter unsere Vereinsmitglieder Anton Neumaier, Anton Pfenninger, Maria Pfundstein, Meinrad Schroll, Richard Demmel, Walter Werner, Paul Maier, Helmut Meisl, Hans Schimmelbauer, Rudolf Huber, Fritz Demmel, Maria Perreiter, Wolfgang Hopfgartner, Max Schweiger und Alois Stockner. Sie haben zusammen \u00fcber 130 liebensw\u00fcrdige Marginalien, kenntnisreiche Aufs\u00e4tze oder regionalgeschichtliche Studien f\u00fcr diese Schriftenreihe verfa\u00dft. Dar\u00fcber hinaus waren und sind unsere Vereinsmitglieder auch f\u00fcr andere Schriftenreihen, wie z.B. \u201eDas M\u00fchlrad\u201c t\u00e4tig. Sie schreiben als Mitarbeiter oder Verfasser Ortschroniken, Kirchenf\u00fchrer, Aufs\u00e4tze oder Ausstellungskataloge.<\/p>\t\t\t\t\t\t\t\t<\/div>\n\t\t\t\t<\/div>\n\t\t\t\t<div class=\"elementor-element elementor-element-2a6f3c9 elementor-widget elementor-widget-text-editor\" data-id=\"2a6f3c9\" data-element_type=\"widget\" data-e-type=\"widget\" data-widget_type=\"text-editor.default\">\n\t\t\t\t<div class=\"elementor-widget-container\">\n\t\t\t\t\t\t\t\t\t<h3>1983<\/h3><p>Erstmalig Maiandacht in Schnabling zum Gedenken an Josef Dirscherl und die verstorbenen Mitglieder des Heimatbundes.<\/p>\t\t\t\t\t\t\t\t<\/div>\n\t\t\t\t<\/div>\n\t\t\t\t<div class=\"elementor-element elementor-element-3997f8a elementor-widget elementor-widget-text-editor\" data-id=\"3997f8a\" data-element_type=\"widget\" data-e-type=\"widget\" data-widget_type=\"text-editor.default\">\n\t\t\t\t<div class=\"elementor-widget-container\">\n\t\t\t\t\t\t\t\t\t<h3>1984<\/h3><p>Beitritt des Garchinger Heimatbundes zum Bayerischen Landesverein f\u00fcr Heimatpflege.<\/p>\t\t\t\t\t\t\t\t<\/div>\n\t\t\t\t<\/div>\n\t\t\t\t<div class=\"elementor-element elementor-element-d8bfa73 elementor-widget elementor-widget-text-editor\" data-id=\"d8bfa73\" data-element_type=\"widget\" data-e-type=\"widget\" data-widget_type=\"text-editor.default\">\n\t\t\t\t<div class=\"elementor-widget-container\">\n\t\t\t\t\t\t\t\t\t<h3>1987<\/h3><p>Mai: \u201eHeimatkundetag\u201c in den Volksschulen Hart, Wald und Hirten. Fritz Demmel referierte vor 130 Schulkindern.<\/p>\t\t\t\t\t\t\t\t<\/div>\n\t\t\t\t<\/div>\n\t\t\t\t<div class=\"elementor-element elementor-element-b6c4b51 elementor-widget elementor-widget-text-editor\" data-id=\"b6c4b51\" data-element_type=\"widget\" data-e-type=\"widget\" data-widget_type=\"text-editor.default\">\n\t\t\t\t<div class=\"elementor-widget-container\">\n\t\t\t\t\t\t\t\t\t<h3>1988<\/h3><p>April: Volksmusikveranstaltungen in Erinnerung an den 200. Geburtstag von Josef Wasserburger \u201eWirtsepperl z&#8217;Garching\u201c mit dem Zithertrio Popp-L\u00e4gel aus M\u00fcnchen moderiert vom Leiter der Abteilung Volksmusik im Bayerischen Rundfunk, Fritz Mayr; sowie ein \u201eHistorischer Heimgarten\u201c mit den Hammerauer Musikanten, Alzviertler S\u00e4ngern, Stubenmusik Gratz, Raschhofer Terzett, moderiert von Fritz Demmel.<\/p><p>Ein Musikantentreffen der regionalen bzw. \u00f6rtlichen Musikgruppen fand im Oktober im Gasthaus \u201eZum Br\u00e4u\u201c statt. Zur Erinnerung an das Jubil\u00e4um wurde in limitierter Auflage von 300 St\u00fcck ein Ma\u00dfkrug produziert.<\/p>\t\t\t\t\t\t\t\t<\/div>\n\t\t\t\t<\/div>\n\t\t\t\t<div class=\"elementor-element elementor-element-291b735 elementor-widget elementor-widget-text-editor\" data-id=\"291b735\" data-element_type=\"widget\" data-e-type=\"widget\" data-widget_type=\"text-editor.default\">\n\t\t\t\t<div class=\"elementor-widget-container\">\n\t\t\t\t\t\t\t\t\t<h3>1989<\/h3><p>Der Heimatbund Garching tritt dem Verband der Bayerischen Geschichtsvereine bei.<\/p>\t\t\t\t\t\t\t\t<\/div>\n\t\t\t\t<\/div>\n\t\t\t\t<div class=\"elementor-element elementor-element-b61afe7 elementor-widget elementor-widget-text-editor\" data-id=\"b61afe7\" data-element_type=\"widget\" data-e-type=\"widget\" data-widget_type=\"text-editor.default\">\n\t\t\t\t<div class=\"elementor-widget-container\">\n\t\t\t\t\t\t\t\t\t<h3>1990<\/h3><p>Juni: Der Heimatbund zeigt eine Fotodokumentation ber die Bombardierung des Garchinger Bahnhofs im M\u00e4rz 1945.<\/p><p>November: Wahl von Josef Schrankl zum Zweiten Vorsitzenden; Wolfgang Rank wird zum Ehrenvorsitzenden ernannt.<\/p>\t\t\t\t\t\t\t\t<\/div>\n\t\t\t\t<\/div>\n\t\t\t\t<div class=\"elementor-element elementor-element-ddda0f1 elementor-widget elementor-widget-text-editor\" data-id=\"ddda0f1\" data-element_type=\"widget\" data-e-type=\"widget\" data-widget_type=\"text-editor.default\">\n\t\t\t\t<div class=\"elementor-widget-container\">\n\t\t\t\t\t\t\t\t\t<h3>1993<\/h3><p>M\u00e4rz: 40j\u00e4hriges Vereinsjubil\u00e4um mit Festvortrag von Bezirksheimatpfleger Stefan Hirsch. Der Heimatbund Garching mit seinen Sammlungen (Vor- und Fr\u00fchgeschichte, sowie der hist. Schmiede) wird erstmals im &#8222;Handbuch der Bayerischen Geschichts- und Heimatvereine&#8220; genannt.<\/p>\t\t\t\t\t\t\t\t<\/div>\n\t\t\t\t<\/div>\n\t\t\t\t<div class=\"elementor-element elementor-element-ef1bf1e elementor-widget elementor-widget-text-editor\" data-id=\"ef1bf1e\" data-element_type=\"widget\" data-e-type=\"widget\" data-widget_type=\"text-editor.default\">\n\t\t\t\t<div class=\"elementor-widget-container\">\n\t\t\t\t\t\t\t\t\t<h3>1994<\/h3><p>Jubil\u00e4umsveranstaltung zum 100. Geburtstag von Josef Dirscherl mit Gem\u00e4ldeausstellung im Heimatmuseum, an seiner Grabst\u00e4tte wurde eine Gedenktafel angebracht.<\/p>\t\t\t\t\t\t\t\t<\/div>\n\t\t\t\t<\/div>\n\t\t\t\t<div class=\"elementor-element elementor-element-a1d0b5a elementor-widget elementor-widget-text-editor\" data-id=\"a1d0b5a\" data-element_type=\"widget\" data-e-type=\"widget\" data-widget_type=\"text-editor.default\">\n\t\t\t\t<div class=\"elementor-widget-container\">\n\t\t\t\t\t\t\t\t\t<h3>1995<\/h3><p>In der alten Walder Schule wird eine zerbrochene Gedenktafel der Wasserleitung von 1855 aufgefunden. Die Tafel wurde renoviert und thematisch stimmig am neuen Trinkwasser-Hochbeh\u00e4lter angebracht.<\/p><p>Dezember: Erstmalig wird im Veranstaltungsprogramm auch ein Kurs \u041aripperlbauenangeboten. Der Verein h\u00e4lt im Jahr rund 10 Veranstaltungen ab, diese sind neben Festpunkten wie einer Maiandacht, Radltour und Ausflugsfahrten, meist Vortr\u00e4ge mit Medienverwendung und gelegentlich Musikveranstaltungen.<\/p>\t\t\t\t\t\t\t\t<\/div>\n\t\t\t\t<\/div>\n\t\t\t\t<div class=\"elementor-element elementor-element-2da7c86 elementor-widget elementor-widget-text-editor\" data-id=\"2da7c86\" data-element_type=\"widget\" data-e-type=\"widget\" data-widget_type=\"text-editor.default\">\n\t\t\t\t<div class=\"elementor-widget-container\">\n\t\t\t\t\t\t\t\t\t<h3>1996<\/h3><p>Dezember: Das Museum im Rathaus mit dem Schwerpunkt &#8222;Vor- und Fr\u00fchgeschichte&#8220; wurde er\u00f6ffnet.<\/p><p>Neuwahlen, nach vielen Jahren als Schriftf\u00fchrer tritt Paul Maier nicht mehr zur Wahl an. In die Vorstandschaft wurde einstimmig gew\u00e4hlt &#8211; 1. Vorsitzender: Richard Demmel, 2. Vorsitzender: Josef Schrankl, Kassier: Dietmar Paul, Schriftfhrer: Rolf Seidl<\/p>\t\t\t\t\t\t\t\t<\/div>\n\t\t\t\t<\/div>\n\t\t\t\t<div class=\"elementor-element elementor-element-d12708b elementor-widget elementor-widget-text-editor\" data-id=\"d12708b\" data-element_type=\"widget\" data-e-type=\"widget\" data-widget_type=\"text-editor.default\">\n\t\t\t\t<div class=\"elementor-widget-container\">\n\t\t\t\t\t\t\t\t\t<h3>1997<\/h3><p>Dezember: Paul Maier und Josef Schrankl leiten Interessenten heuer bereits zum 3. Mal zum Bau eines Stalles f\u00fcr die Weihnachtskrippe an.<\/p>\t\t\t\t\t\t\t\t<\/div>\n\t\t\t\t<\/div>\n\t\t\t\t<div class=\"elementor-element elementor-element-1612137 elementor-widget elementor-widget-text-editor\" data-id=\"1612137\" data-element_type=\"widget\" data-e-type=\"widget\" data-widget_type=\"text-editor.default\">\n\t\t\t\t<div class=\"elementor-widget-container\">\n\t\t\t\t\t\t\t\t\t<h3>1998<\/h3><p>Richard Demmel und Paul Maier gestalten Schilder f\u00fcr historische Bauten, die mit Zustimmung der Eigent\u00fcmer angebracht werden.<\/p><p>Dezember: Die bisherige Vorstandschaft wurde einstimmig wiedergew\u00e4hlt &#8211; 1. Vorsitzender: Richard Demmel, 2. Vorsitzender: Josef Schrankl, Kassier: Dietmar Paul, Schriftf\u00fchrer; Rolf Seidl<\/p>\t\t\t\t\t\t\t\t<\/div>\n\t\t\t\t<\/div>\n\t\t\t\t<div class=\"elementor-element elementor-element-5a84fc8 elementor-widget elementor-widget-text-editor\" data-id=\"5a84fc8\" data-element_type=\"widget\" data-e-type=\"widget\" data-widget_type=\"text-editor.default\">\n\t\t\t\t<div class=\"elementor-widget-container\">\n\t\t\t\t\t\t\t\t\t<h3>1999<\/h3><figure id=\"attachment_965\" aria-describedby=\"caption-attachment-965\" style=\"width: 224px\" class=\"wp-caption alignright\"><img loading=\"lazy\" decoding=\"async\" class=\"size-medium wp-image-965\" src=\"http:\/\/wordpress.heimatbund-garching.de\/wp-content\/uploads\/2019\/06\/1999Gschichtn-224x300.png\" alt=\"\" width=\"224\" height=\"300\" srcset=\"https:\/\/www.heimatbund-garching.de\/wp-content\/uploads\/2019\/06\/1999Gschichtn-224x300.png 224w, https:\/\/www.heimatbund-garching.de\/wp-content\/uploads\/2019\/06\/1999Gschichtn.png 285w\" sizes=\"(max-width: 224px) 100vw, 224px\" \/><figcaption id=\"caption-attachment-965\" class=\"wp-caption-text\">links: B\u00fcrgermeister Wolfgang Reichenwallner; rechts: Buchautor Fritz Demmel; Bild: Archiv Anwander<\/figcaption><\/figure><p>September: Unser Vereinsmitglied Fritz Demmel stellt nach Jahren akribischer Forschungsarbeit das Buch &#8222;Geschichte und G&#8217;schichten aus der Gemeinde Garching a. d. Alz&#8220; vor.<\/p>\t\t\t\t\t\t\t\t<\/div>\n\t\t\t\t<\/div>\n\t\t\t\t<div class=\"elementor-element elementor-element-7f77e25 elementor-widget-divider--view-line elementor-widget elementor-widget-divider\" data-id=\"7f77e25\" data-element_type=\"widget\" data-e-type=\"widget\" data-widget_type=\"divider.default\">\n\t\t\t\t<div class=\"elementor-widget-container\">\n\t\t\t\t\t\t\t<div class=\"elementor-divider\">\n\t\t\t<span class=\"elementor-divider-separator\">\n\t\t\t\t\t\t<\/span>\n\t\t<\/div>\n\t\t\t\t\t\t<\/div>\n\t\t\t\t<\/div>\n\t\t\t\t<div class=\"elementor-element elementor-element-c56ec11 elementor-widget elementor-widget-text-editor\" data-id=\"c56ec11\" data-element_type=\"widget\" data-e-type=\"widget\" data-widget_type=\"text-editor.default\">\n\t\t\t\t<div class=\"elementor-widget-container\">\n\t\t\t\t\t\t\t\t\t<h3>2000<\/h3><p>Dezember: Neuwahlen, nach 10 Jahren als 2. Vorsitzender unseres Vereins Josef Schrankl aus Altersgrnden nicht mehr zur Wahl an. In die Vorstandschaft wurde einstimmig gew\u00e4hlt &#8211; 1. Vorsitzender: Richard Demmel, 2. Vorsitzender: Alfred Maurer, Kassier: Dietmar Paul, Schriftf\u00fchrer; Rolf Seidl<\/p><p>Im Rahmen der Hauptversammlung wurde Paul Maier f\u00fcr seine Verdienste um den Verein und die Heimatpflege (insbesondere Kleindenkm\u00e4ler) zum Ehrenmitglied ernannt.<\/p>\t\t\t\t\t\t\t\t<\/div>\n\t\t\t\t<\/div>\n\t\t\t\t<div class=\"elementor-element elementor-element-827b6ac elementor-widget-divider--view-line elementor-widget elementor-widget-divider\" data-id=\"827b6ac\" data-element_type=\"widget\" data-e-type=\"widget\" data-widget_type=\"divider.default\">\n\t\t\t\t<div class=\"elementor-widget-container\">\n\t\t\t\t\t\t\t<div class=\"elementor-divider\">\n\t\t\t<span class=\"elementor-divider-separator\">\n\t\t\t\t\t\t<\/span>\n\t\t<\/div>\n\t\t\t\t\t\t<\/div>\n\t\t\t\t<\/div>\n\t\t\t\t<div class=\"elementor-element elementor-element-676d4e9 elementor-widget elementor-widget-text-editor\" data-id=\"676d4e9\" data-element_type=\"widget\" data-e-type=\"widget\" data-widget_type=\"text-editor.default\">\n\t\t\t\t<div class=\"elementor-widget-container\">\n\t\t\t\t\t\t\t\t\t<h3>2001<\/h3><p>April: Richard Demmel, ist seit 25 Jahren 1. Vorsitzender unseres Heimatbundes. Im Rahmen einer Feierstunde wurde er f\u00fcr seinen unermdlichen Einsatz f\u00fcr den Verein und die Heimatpflege zum Ehrenmitglied ernannt.<\/p><p>Mai: &#8222;500 Jahre Mauerberger Kirchweih&#8220; &#8211; Fritz Demmel erinnert an die Geschichte der Kirche in Mauerberg.<\/p><p>Juni: Aus der Hand von B\u00fcrgermeister Wolfgang Reichenwallner erhielten unser langj\u00e4hriger 1. Vorsitzender, Richard Demmel, und unser langj\u00e4hriger Schriftf\u00fchrer, Paul Maier, die &#8222;Verdienstmedaille f\u00fcr verdiente B\u00fcrger&#8220; der Gemeinde Garching.<\/p><p>F\u00fcr seine 25-j\u00e4hrige T\u00e4tigkeit als Vereinskassier und seine sonstigen Verdienste wurde Dietmar Paul zum Ehrenmitglied ernannt.<\/p><p>Vereinsmitglied Wolfgang Hopfgartner aus Raitenhaslach erhielt die Bayerische Denkmalschutzmedaille.<\/p><p>Garchinger Ferienprogramm 2001: Unter Leitung von Otto Zimmermann war unser Verein mit einer Veranstaltung unter dem Motto &#8222;Wie gute kenne ich meine Heimat&#8220; am Garchinger Ferienporgamm beteiligt. Mit der maximalen Teilnehmerzahl von 12 Kindern wurde die Veranstaltung bei guter Witterung unfallfrei durchgef\u00fchrt.<\/p>\t\t\t\t\t\t\t\t<\/div>\n\t\t\t\t<\/div>\n\t\t\t\t<div class=\"elementor-element elementor-element-2dad4e3 elementor-widget-divider--view-line elementor-widget elementor-widget-divider\" data-id=\"2dad4e3\" data-element_type=\"widget\" data-e-type=\"widget\" data-widget_type=\"divider.default\">\n\t\t\t\t<div class=\"elementor-widget-container\">\n\t\t\t\t\t\t\t<div class=\"elementor-divider\">\n\t\t\t<span class=\"elementor-divider-separator\">\n\t\t\t\t\t\t<\/span>\n\t\t<\/div>\n\t\t\t\t\t\t<\/div>\n\t\t\t\t<\/div>\n\t\t\t\t<div class=\"elementor-element elementor-element-e2c6ebb elementor-widget elementor-widget-text-editor\" data-id=\"e2c6ebb\" data-element_type=\"widget\" data-e-type=\"widget\" data-widget_type=\"text-editor.default\">\n\t\t\t\t<div class=\"elementor-widget-container\">\n\t\t\t\t\t\t\t\t\t<h3>2002<\/h3><p>April: Eine erlebte Geschichte &#8222;\u041aummetliachtl&#8220; wurde als Einmann-Theater von Simon Maier, Trinkberg\/Halsbach; im Stadl des denkmalgeschtzten Hofes der Familie Zimmermann in Hart\/Berndlm\u00fchle gezeigt.<\/p><p>September: Unser seit 25 Jahren als 1. Vorsitzender t\u00e4tiger Richard Demmel, erh\u00e4lt das \u0415hrenzeichen des bayerischen Ministerpr\u00e4sidenten f\u00fcr Verdienste im Ehrenamt<\/p><p>Dezember: Neuwahlen, die bisherige Vorstandschaft wurde einstimmig wiedergew\u00e4hlt &#8211; 1. Vorsitzender: Richard Demmel, 2. Vorsitzender: Alfred Maurer, Kassier: Dietmar Paul, Schriftf\u00fchrer; Rolf Seidl<\/p><p>Zum Jahresende legen unsere Vereinsmitglieder Alois Stockner, nach 25 Jahren, und Maria Perreiter, nach 15 Jahren T\u00e4tigkeit ihr Amt als Kreisheimatpfleger im Landkreis Alt\u00f6tting nieder.<\/p>\t\t\t\t\t\t\t\t<\/div>\n\t\t\t\t<\/div>\n\t\t\t\t<div class=\"elementor-element elementor-element-5f681f4 elementor-widget-divider--view-line elementor-widget elementor-widget-divider\" data-id=\"5f681f4\" data-element_type=\"widget\" data-e-type=\"widget\" data-widget_type=\"divider.default\">\n\t\t\t\t<div class=\"elementor-widget-container\">\n\t\t\t\t\t\t\t<div class=\"elementor-divider\">\n\t\t\t<span class=\"elementor-divider-separator\">\n\t\t\t\t\t\t<\/span>\n\t\t<\/div>\n\t\t\t\t\t\t<\/div>\n\t\t\t\t<\/div>\n\t\t\t\t<div class=\"elementor-element elementor-element-39a254c elementor-widget elementor-widget-text-editor\" data-id=\"39a254c\" data-element_type=\"widget\" data-e-type=\"widget\" data-widget_type=\"text-editor.default\">\n\t\t\t\t<div class=\"elementor-widget-container\">\n\t\t\t\t\t\t\t\t\t<h3>2003<\/h3><p>10. April: \u201e50 Jahre Heimatbund Garching a. d. Alz\u201c \u2013 Aus Anlass dieses Vereinsjubil\u00e4ums wurde ein Festabend veranstaltet. Zum Auftakt begr\u00fc\u00dfte die Unterkastler Blasmusik mit dem vom Garchinger Walter Werner komponierten \u201eJosef Wasserburger Marsch\u201c die G\u00e4ste. Nach der Ansprache von Herrn B\u00fcrgermeister Wolfgang Reichenwallner hielt Herr Hans Roth, Gesch\u00e4ftsf\u00fchrer des Bayerischen Landesvereins f\u00fcr Heimatpflege, die Festansprache.<\/p><p>April bis Oktober: Sonderausstellung im Museum Am Rathaus \u201e50 Jahre Heimatbund \u2013 50 Exponate\u201c &#8211; Gestaltung: Andreas Keil, Alfred Maurer, Fritz Demme; Herausgabe der Festschrift: &#8222;Sammeln, Forschen, Pr\u00e4sentieren&#8220;<\/p><p>Juni\/Juli: Auf dem zuk\u00fcnftigen Bauplatz f\u00fcr den Lebensmittelmarkt der LIDL GmbH an der Bundesstra\u00dfe wurden arch\u00e4ologische Grabungen durchgef\u00fchrt. Die Mitglieder Andreas Keil, Alfred Maurer, Dietmar Paul und Richard Demmel unterst\u00fctzten das Grabungsteam tatkr\u00e4ftig. Es konnten 12 Urnengr\u00e4ber mit Grabbeigaben und ein K\u00f6rpergrab aus der Zeit um ca. 2800 vor Christus geborgen werden. Die Funde wurden von der LIDL GmbH an die Gemeinde Garching \u00fcberlassen.<\/p><p>2. August: Beteiligung am Kinderferienprogramm mit \u201eBau von Nistk\u00e4sten f\u00fcr Singv\u00f6gel\u201c &#8211; Organisation: Otto Zimmermann<\/p>\t\t\t\t\t\t\t\t<\/div>\n\t\t\t\t<\/div>\n\t\t\t\t<div class=\"elementor-element elementor-element-52ac6fd elementor-widget-divider--view-line elementor-widget elementor-widget-divider\" data-id=\"52ac6fd\" data-element_type=\"widget\" data-e-type=\"widget\" data-widget_type=\"divider.default\">\n\t\t\t\t<div class=\"elementor-widget-container\">\n\t\t\t\t\t\t\t<div class=\"elementor-divider\">\n\t\t\t<span class=\"elementor-divider-separator\">\n\t\t\t\t\t\t<\/span>\n\t\t<\/div>\n\t\t\t\t\t\t<\/div>\n\t\t\t\t<\/div>\n\t\t\t\t<div class=\"elementor-element elementor-element-9025b45 elementor-widget elementor-widget-text-editor\" data-id=\"9025b45\" data-element_type=\"widget\" data-e-type=\"widget\" data-widget_type=\"text-editor.default\">\n\t\t\t\t<div class=\"elementor-widget-container\">\n\t\t\t\t\t\t\t\t\t<h3>2004<\/h3><p>Nachdem sich die Gemeinde als Eigent\u00fcmer der arch\u00e4ologischen Funde auf dem LIDL-Grundst\u00fcck nicht in der Lage sah die Restaurierung zu finanzieren musste versucht werden Sponsoren\/Spender zu finden.<\/p><p>Durch gemeinsame Anstrengung von Heimatbund und Gemeinde konnten Sponsoren und Spender gefunden werden. An der Finanzierung beteiligten sich der Bezirk Oberbayern, die Gemeinde Garching, die Kreissparkasse Alt\u00f6tting, die Raiffeisenbank Garching, das Bosch-Siemens Hausger\u00e4te-Werk in Traunreut, der Heimatbund Garching a. d. Alz und einzelne Mitglieder, sowie Firmen aus dem Gemeindebereich. Leider trug der Landkreis Alt\u00f6tting nicht zur Restaurierung der f\u00fcr die Region bedeutsamen Funde bei.<\/p><p>Fr\u00fchjahr: Der erste Teil der arch\u00e4ologischen Funde auf dem LIDL-Grundst\u00fcck wurde an die erfahrene Restauratorin Frau Elisabeth Lehr, M\u00fcnchen, \u00fcbergeben.<\/p><p>April bis Oktober: Sonderausstellung im Museum Am Rathaus \u201eWunderding &#8211; Schmetterling\u201c- Aufbau: Andreas Keil, Alfred Maurer<\/p><p>10. August: Beteiligung am Kinderferienprogramm mit \u201eHeimatkundliche Schnitzeljagd\u201c &#8211; Organisation: Otto Zimmermann<\/p><p>Dezember: Neuwahlen, die bisherige Vorstandschaft wurde einstimmig wiedergew\u00e4hlt \u2013 1. Vorsitzender: Richard Demmel, 2. Vorsitzender: Alfred Maurer, Kassier: Dietmar Paul, Schriftf\u00fchrer: Rolf Seidl<\/p><p>Dezember: Nach gut einem halben Jahr kehrten der erste Teil der restaurierten Funde nach Garching heim.<\/p>\t\t\t\t\t\t\t\t<\/div>\n\t\t\t\t<\/div>\n\t\t\t\t<div class=\"elementor-element elementor-element-7a0b71e elementor-widget-divider--view-line elementor-widget elementor-widget-divider\" data-id=\"7a0b71e\" data-element_type=\"widget\" data-e-type=\"widget\" data-widget_type=\"divider.default\">\n\t\t\t\t<div class=\"elementor-widget-container\">\n\t\t\t\t\t\t\t<div class=\"elementor-divider\">\n\t\t\t<span class=\"elementor-divider-separator\">\n\t\t\t\t\t\t<\/span>\n\t\t<\/div>\n\t\t\t\t\t\t<\/div>\n\t\t\t\t<\/div>\n\t\t\t\t<div class=\"elementor-element elementor-element-d00b0d2 elementor-widget elementor-widget-text-editor\" data-id=\"d00b0d2\" data-element_type=\"widget\" data-e-type=\"widget\" data-widget_type=\"text-editor.default\">\n\t\t\t\t<div class=\"elementor-widget-container\">\n\t\t\t\t\t\t\t\t\t<h3>2005<\/h3><p>M\u00e4rz bis Oktober: Sonderausstellung im Museum am Rathaus \u201eBomben auf Garching &#8211; Erinnerung an die Bombardierung Garchings vor 60 Jahren, am 19. M\u00e4rz 1945\u201c- Gestaltung: Fritz Demmel, Alfred Maurer<\/p><p>Juni: Heimatbund und Alpenverein Garching installieren Informationstafeln in Kobeln. Auf den Informationstafeln wird die gesamte von Kobeln aus sichtbare Alpenkette dargestellt.<\/p>\t\t\t\t\t\t\t\t<\/div>\n\t\t\t\t<\/div>\n\t\t\t\t<div class=\"elementor-element elementor-element-7ef2422 elementor-widget-divider--view-line elementor-widget elementor-widget-divider\" data-id=\"7ef2422\" data-element_type=\"widget\" data-e-type=\"widget\" data-widget_type=\"divider.default\">\n\t\t\t\t<div class=\"elementor-widget-container\">\n\t\t\t\t\t\t\t<div class=\"elementor-divider\">\n\t\t\t<span class=\"elementor-divider-separator\">\n\t\t\t\t\t\t<\/span>\n\t\t<\/div>\n\t\t\t\t\t\t<\/div>\n\t\t\t\t<\/div>\n\t\t\t\t<div class=\"elementor-element elementor-element-ed66025 elementor-widget elementor-widget-text-editor\" data-id=\"ed66025\" data-element_type=\"widget\" data-e-type=\"widget\" data-widget_type=\"text-editor.default\">\n\t\t\t\t<div class=\"elementor-widget-container\">\n\t\t\t\t\t\t\t\t\t<h3>2006<\/h3><p>17. September: Nach l\u00e4ngerer Pause f\u00fcr Restaurierungszwecke wurde das Museum am Rathaus mit der neugestalteten Darstellung der \u201eVor- und Fr\u00fchgeschichte im mittleren Alztal\u201c wieder er\u00f6ffnet. Es ist um einige pr\u00e4chtige Vitrinen mit h\u00f6chst seltenen Funden, vor allen aus der arch\u00e4ologischen Grabung auf dem LIDL-Grundst\u00fcck, erweitert worden.<\/p><p>Dezember: F\u00fcr Ihre umfangreiche T\u00e4tigkeit im Museum der Gemeinde wurden von B\u00fcrgermeister Wolfgang Reichenwallner die Mitglieder Fritz Demmel, Richard Demmel, Andreas Keil und Alfred Maurer mit einem Buchgeschenk geehrt.<\/p><p>Dezember: Neuwahlen, die bisherige Vorstandschaft wurde einstimmig wiedergew\u00e4hlt \u2013 1. Vorsitzender: Richard Demmel, 2. Vorsitzender: Alfred Maurer, Kassier: Dietmar Paul, Schriftf\u00fchrer: Rolf Seidl<\/p>\t\t\t\t\t\t\t\t<\/div>\n\t\t\t\t<\/div>\n\t\t\t\t<div class=\"elementor-element elementor-element-893bc29 elementor-widget-divider--view-line elementor-widget elementor-widget-divider\" data-id=\"893bc29\" data-element_type=\"widget\" data-e-type=\"widget\" data-widget_type=\"divider.default\">\n\t\t\t\t<div class=\"elementor-widget-container\">\n\t\t\t\t\t\t\t<div class=\"elementor-divider\">\n\t\t\t<span class=\"elementor-divider-separator\">\n\t\t\t\t\t\t<\/span>\n\t\t<\/div>\n\t\t\t\t\t\t<\/div>\n\t\t\t\t<\/div>\n\t\t\t\t<div class=\"elementor-element elementor-element-6a8c646 elementor-widget elementor-widget-text-editor\" data-id=\"6a8c646\" data-element_type=\"widget\" data-e-type=\"widget\" data-widget_type=\"text-editor.default\">\n\t\t\t\t<div class=\"elementor-widget-container\">\n\t\t\t\t\t\t\t\t\t<h3>2007<\/h3><p>April bis Oktober: Sonderausstellung im Museum am Rathaus \u201eFotodokumentation der arch\u00e4ologischen Grabungen auf dem LIDL-Grundst\u00fcck\u201c- Gestaltung: Alfred Maurer<\/p><p>14. April: Gedenkveranstaltung zum 150. Todestag von Josef Wasserburger \u201eWirtsepperl z\u00b4Garching\u201c mit Andreas Unterhuber (Zither) und den Alzviertler S\u00e4ngern.<\/p><p>9. August: Beteiligung am Kinderferienprogramm mit \u201eBesichtigung der historischen Schmiede und des Landwirtschaft und Handwerker Museums in Birnbaum\/Halsbach\u201c &#8211; Organisation: Otto Zimmermann<\/p><p>August: Auf dem zur Bebauung vorgesehen Linortner-Grunst\u00fcck an der Bajuwarenstra\u00dfe wurden unter Grabungsleiterin Petra Haller von der arch\u00e4ologischen Fachfirma Plananteam, Untersuchungen durchgef\u00fchrt. Als Unterst\u00fctzung halfen die Mitglieder Andreas Keil, Alfred Maurer, Dietmar Paul und Richard Demmel mit. Die Funde bleiben im Privatbesitz.<\/p><p>Oktober: Unser Mitglied Fritz Demmel wurde vom Bezirk Oberbayern f\u00fcr sein ehrenamtliches Engagement im Bereich Kultur- und Heimatpflege mit der Bezirksmedaille ausgezeichnet. Die Auszeichnung nahm Bezirkstagspr\u00e4sident Franz Jungwirth vor.<\/p>\t\t\t\t\t\t\t\t<\/div>\n\t\t\t\t<\/div>\n\t\t\t\t<div class=\"elementor-element elementor-element-c16f449 elementor-widget-divider--view-line elementor-widget elementor-widget-divider\" data-id=\"c16f449\" data-element_type=\"widget\" data-e-type=\"widget\" data-widget_type=\"divider.default\">\n\t\t\t\t<div class=\"elementor-widget-container\">\n\t\t\t\t\t\t\t<div class=\"elementor-divider\">\n\t\t\t<span class=\"elementor-divider-separator\">\n\t\t\t\t\t\t<\/span>\n\t\t<\/div>\n\t\t\t\t\t\t<\/div>\n\t\t\t\t<\/div>\n\t\t\t\t<div class=\"elementor-element elementor-element-28498cd elementor-widget elementor-widget-text-editor\" data-id=\"28498cd\" data-element_type=\"widget\" data-e-type=\"widget\" data-widget_type=\"text-editor.default\">\n\t\t\t\t<div class=\"elementor-widget-container\">\n\t\t\t\t\t\t\t\t\t<h3>2008<\/h3><p>April bis Oktober: Sonderausstellung im Museum am Rathaus \u201e100 Jahre Bayerische Tauernbahn\u201c &#8211; Gestaltung: Andreas Keil, Alfred Maurer, Dietmar Paul<\/p><p>21. August: Beteiligung am Kinderferienprogramm mit \u201eAbenteuer am M\u00f6rnbach\u201c &#8211; Organisation: Otto Zimmermann<\/p><p>Dezember: Neuwahlen, die bisherige Vorstandschaft wurde einstimmig wiedergew\u00e4hlt \u2013 1. Vorsitzender: Richard Demmel, 2. Vorsitzender: Alfred Maurer, Kassier: Dietmar Paul, Schriftf\u00fchrer: Rolf Seidl<\/p>\t\t\t\t\t\t\t\t<\/div>\n\t\t\t\t<\/div>\n\t\t\t\t<div class=\"elementor-element elementor-element-e468bfe elementor-widget elementor-widget-text-editor\" data-id=\"e468bfe\" data-element_type=\"widget\" data-e-type=\"widget\" data-widget_type=\"text-editor.default\">\n\t\t\t\t<div class=\"elementor-widget-container\">\n\t\t\t\t\t\t\t\t\t<h3>2009<\/h3><p>April bis Oktober: Sonderausstellung im Museum am Rathaus \u201eSterben geh\u00f6rt zum Leben \u2013 4000 Jahre Grabkultur und Totengedenken \u2013 Andachtsbild u. Sterbebild\u201c &#8211; Gestaltung: Fritz Demmel, Alfred Maurer, Dietmar Paul<\/p><p>12. September: Tag des offenen Denkmals \u2013 Ausstellung \u201e100 Jahre Bahnlinie Garching \u2013 Trostberg\u201c im Bahnhof Garching \u2013 Gestaltung: Andreas Keil, Alfred Maurer<\/p><p>31. Oktober: Richard Demmel und Alfred Maurer \u00f6ffnen erstmalig das Museum am Rathaus zu einer Museumsnacht \u2013 \u00d6ffnungszeit von 17 \u2013 22 Uhr.<\/p><p>November: Die Mitglieder Franz Bauer, Richard Demmel, Dietmar Paul und Peter Wolfmeier schneiden den Weg entlang der Alz von der Br\u00fccke nach Wald bis zum Alten Schwimmbad frei.<\/p>\t\t\t\t\t\t\t\t<\/div>\n\t\t\t\t<\/div>\n\t\t\t\t<div class=\"elementor-element elementor-element-9b7c5ff elementor-widget-divider--view-line elementor-widget elementor-widget-divider\" data-id=\"9b7c5ff\" data-element_type=\"widget\" data-e-type=\"widget\" data-widget_type=\"divider.default\">\n\t\t\t\t<div class=\"elementor-widget-container\">\n\t\t\t\t\t\t\t<div class=\"elementor-divider\">\n\t\t\t<span class=\"elementor-divider-separator\">\n\t\t\t\t\t\t<\/span>\n\t\t<\/div>\n\t\t\t\t\t\t<\/div>\n\t\t\t\t<\/div>\n\t\t\t\t<div class=\"elementor-element elementor-element-a2d53e1 elementor-widget elementor-widget-text-editor\" data-id=\"a2d53e1\" data-element_type=\"widget\" data-e-type=\"widget\" data-widget_type=\"text-editor.default\">\n\t\t\t\t<div class=\"elementor-widget-container\">\n\t\t\t\t\t\t\t\t\t<h3>2010<\/h3><p>April bis Juli: Sonderausstellung im Museum am Rathaus \u201eUnsere Gemeinde im Luftbild 1925 bis 2007\u201c &#8211; Gestaltung: Alfred Maurer, Dietmar Paul<\/p><p>Juli bis Oktober: Garchinger K\u00fcnstler stellten in wechselnden Pr\u00e4sentationen im Museum am Rathaus aus.<\/p><p>Dezember: Neuwahlen, nach 34 Jahren als 1. Vorsitzender tritt Richard Demmel nicht mehr zur Wahl an. In die Vorstandschaft wurden einstimmig gew\u00e4hlt \u2013 1. Vorsitzender: Peter Wolfmeier, 2. Vorsitzender: Alfred Maurer, Kassier: Dietmar Paul, Schriftf\u00fchrer: Rolf Seidl.<\/p><p>Als erste Amtshandlung des neuen Vorsitzenden ernannte er Richard Demmel zum Ehrenvorstand.<\/p>\t\t\t\t\t\t\t\t<\/div>\n\t\t\t\t<\/div>\n\t\t\t\t<div class=\"elementor-element elementor-element-05e2f7c elementor-widget-divider--view-line elementor-widget elementor-widget-divider\" data-id=\"05e2f7c\" data-element_type=\"widget\" data-e-type=\"widget\" data-widget_type=\"divider.default\">\n\t\t\t\t<div class=\"elementor-widget-container\">\n\t\t\t\t\t\t\t<div class=\"elementor-divider\">\n\t\t\t<span class=\"elementor-divider-separator\">\n\t\t\t\t\t\t<\/span>\n\t\t<\/div>\n\t\t\t\t\t\t<\/div>\n\t\t\t\t<\/div>\n\t\t\t\t<div class=\"elementor-element elementor-element-d89372f elementor-widget elementor-widget-text-editor\" data-id=\"d89372f\" data-element_type=\"widget\" data-e-type=\"widget\" data-widget_type=\"text-editor.default\">\n\t\t\t\t<div class=\"elementor-widget-container\">\n\t\t\t\t\t\t\t\t\t<h3>2011<\/h3><p>Wir trauern um unseres Mitglied Maria Perreiter, welche auch 15 Jahre ehrenamtlich als Kreisheimatpflegerin t\u00e4tig war.<\/p><p>31. Mai: Der ehemalige 1. Vorsitzende Richard Demmel und der amtierende Kassier Dietmar Paul wurden f\u00fcr Ihre langj\u00e4hrige ehrenamtliche T\u00e4tigkeit mit der Ehrennadel des Verbandes der bayerischen Geschichtsvereine ausgezeichnet. Die Auszeichnung wurde vom ehemaligen Gesch\u00e4ftsf\u00fchrer des Landesverbandes f\u00fcr Heimatpflege und Vorstandes des Verbandes der bayerischen Geschichtsvereine Hans Roth vorgenommen.<\/p><p>Juni: Vom 1. Vorsitzenden Peter Wolfmeier wurde Andreas Keil f\u00fcr seine langj\u00e4hrige T\u00e4tigkeit im Archiv des Heimatbundes und seine Mitarbeit bei der Gestaltung von Ausstellungen zum Ehrenmitglied ernannt.<\/p><p>Juli bis Oktober: Sonderausstellung im Museum am Rathaus \u201e60 Jahre Donauschwaben \u2013 Erinnerungen Futok-Flucht-Garching\u201c &#8211; Gestaltung: Alfred Maurer, Maria Pfundstein<\/p><p>4. August: Beteiligung am Kinderferienprogramm mit \u201eAbenteuer im Kehlgraben\u201c &#8211; Organisation: Peter Wolfmeier<\/p><p>11. September: Tag des offenen Denkmals \u2013 F\u00fchrungen durch die Janisch-Siedlung und Fotoausstellung in einer Arbeiterwohnung \u2013 Gestaltung: Andreas Keil, Helmut Meisl, Alfred Maurer, Dietmar Paul, Peter Wolfmeier<\/p><p>November: B\u00fcrgermeister Wolfgang Reichenwallner \u00fcberreichte dem ehemaligen 1. Vorsitzenden Richard Demmel die Ehrenmedaille der Gemeinde Garching an der Alz f\u00fcr sein jahrzehntelanges ehrenamtliches Engagement.<\/p>\t\t\t\t\t\t\t\t<\/div>\n\t\t\t\t<\/div>\n\t\t\t\t<div class=\"elementor-element elementor-element-761c711 elementor-widget-divider--view-line elementor-widget elementor-widget-divider\" data-id=\"761c711\" data-element_type=\"widget\" data-e-type=\"widget\" data-widget_type=\"divider.default\">\n\t\t\t\t<div class=\"elementor-widget-container\">\n\t\t\t\t\t\t\t<div class=\"elementor-divider\">\n\t\t\t<span class=\"elementor-divider-separator\">\n\t\t\t\t\t\t<\/span>\n\t\t<\/div>\n\t\t\t\t\t\t<\/div>\n\t\t\t\t<\/div>\n\t\t\t\t<div class=\"elementor-element elementor-element-71ee512 elementor-widget elementor-widget-text-editor\" data-id=\"71ee512\" data-element_type=\"widget\" data-e-type=\"widget\" data-widget_type=\"text-editor.default\">\n\t\t\t\t<div class=\"elementor-widget-container\">\n\t\t\t\t\t\t\t\t\t<h3>2012<\/h3><p>M\u00e4rz: Von der Arch\u00e4ologischen Staatssammlung in M\u00fcnchen wurden Funde aus der arch\u00e4ologischen Grabung von 1972\/1973 an der Hangkante hinter dem Gasthaus Schartner als Dauer-Leihgaben zur Verf\u00fcgung gestellt. Die St\u00fccke wurden in die Ausstellung der \u201eVor- und Fr\u00fchgeschichte im mittleren Alztal\u201c eingegliedert.<\/p><p>April bis Oktober: Sonderausstellung im Museum am Rathaus \u201eBajuwarisches Gr\u00e4berfeld in Garching \u2013 Grabung 1972\/1973\u201c &#8211; Gestaltung: Fritz Demmel, Andreas Keil, Alfred Maurer<\/p><p>Mai: Im Rahmen der Sonderausstellung stellten ein \u201eR\u00f6mischer Legion\u00e4r\u201c und ein \u201eKeltischer Krieger\u201c seine Ausr\u00fcstung und Waffen vor,<\/p><p>Dezember: Neuwahlen, in die Vorstandschaft wurden einstimmig gew\u00e4hlt \u2013<\/p><p>1. Vorsitzender: Peter Wolfmeier, 2. Vorsitzender: Alfred Maurer, Kassier: Dietmar Paul, Schriftf\u00fchrer: Richard Demmel<\/p>\t\t\t\t\t\t\t\t<\/div>\n\t\t\t\t<\/div>\n\t\t\t\t<div class=\"elementor-element elementor-element-59c9ffc elementor-widget-divider--view-line elementor-widget elementor-widget-divider\" data-id=\"59c9ffc\" data-element_type=\"widget\" data-e-type=\"widget\" data-widget_type=\"divider.default\">\n\t\t\t\t<div class=\"elementor-widget-container\">\n\t\t\t\t\t\t\t<div class=\"elementor-divider\">\n\t\t\t<span class=\"elementor-divider-separator\">\n\t\t\t\t\t\t<\/span>\n\t\t<\/div>\n\t\t\t\t\t\t<\/div>\n\t\t\t\t<\/div>\n\t\t\t\t<div class=\"elementor-element elementor-element-31f51fe elementor-widget elementor-widget-text-editor\" data-id=\"31f51fe\" data-element_type=\"widget\" data-e-type=\"widget\" data-widget_type=\"text-editor.default\">\n\t\t\t\t<div class=\"elementor-widget-container\">\n\t\t\t\t\t\t\t\t\t<h3>2013<\/h3><p>April \u2013 Oktober: Sonderausstellung \u201eRundfunkempf\u00e4ngerschau aus der 1. H\u00e4lfte des 20. Jahrhunderts; Organisation und Gestaltung: Alfred Maurer<\/p><p>Denkmaltafeln der Umgebung wurden renoviert.<\/p><p>Das restaurierte Feldkreuz in Kobeln wurde neu aufgestellt.<\/p>\t\t\t\t\t\t\t\t<\/div>\n\t\t\t\t<\/div>\n\t\t\t\t<div class=\"elementor-element elementor-element-558214c elementor-widget-divider--view-line elementor-widget elementor-widget-divider\" data-id=\"558214c\" data-element_type=\"widget\" data-e-type=\"widget\" data-widget_type=\"divider.default\">\n\t\t\t\t<div class=\"elementor-widget-container\">\n\t\t\t\t\t\t\t<div class=\"elementor-divider\">\n\t\t\t<span class=\"elementor-divider-separator\">\n\t\t\t\t\t\t<\/span>\n\t\t<\/div>\n\t\t\t\t\t\t<\/div>\n\t\t\t\t<\/div>\n\t\t\t\t<div class=\"elementor-element elementor-element-1a2e982 elementor-widget elementor-widget-text-editor\" data-id=\"1a2e982\" data-element_type=\"widget\" data-e-type=\"widget\" data-widget_type=\"text-editor.default\">\n\t\t\t\t<div class=\"elementor-widget-container\">\n\t\t\t\t\t\t\t\t\t<h3>2014<\/h3><p>April \u2013 Oktober: Sonderausstellung \u201eHurra es ist Krieg\u201c, 1. Weltkrieg 1914-1918, Organisation und Gestaltung: Alfred Maurer, Fritz Demmel.<\/p><p>Dezember: Ordentliche Mitgliederversammlung mit Neuwahlen;<\/p><p>In die Vorstandschaft wurden einstimmig gew\u00e4hlt: 1. Vorsitzender Peter Wolfmeier, 2. Vorsitzender Johannes Schmitzer, Kassier Dietmar Paul, Schriftf\u00fchrer Bernhard Schindlbeck. Beisitzer: Demmel Fritz, Demmel Richard, Meisl Helmut, Dr. Winter Klaus<\/p><p>Der als 2. Vorsitzender verabschiedete Alfred Maurer wurde zum Ehrenmitglied ernannt.<\/p><p>Am Gr\u00fcnauer Steg wurden, \u00e4hnlich wie am Brucker Steg, vom Heimatbundmitbe-gr\u00fcnder Hans Schimmelbauer verfasste Br\u00fcckenverserl angebracht.<\/p>\t\t\t\t\t\t\t\t<\/div>\n\t\t\t\t<\/div>\n\t\t\t\t<div class=\"elementor-element elementor-element-dc9983d elementor-widget-divider--view-line elementor-widget elementor-widget-divider\" data-id=\"dc9983d\" data-element_type=\"widget\" data-e-type=\"widget\" data-widget_type=\"divider.default\">\n\t\t\t\t<div class=\"elementor-widget-container\">\n\t\t\t\t\t\t\t<div class=\"elementor-divider\">\n\t\t\t<span class=\"elementor-divider-separator\">\n\t\t\t\t\t\t<\/span>\n\t\t<\/div>\n\t\t\t\t\t\t<\/div>\n\t\t\t\t<\/div>\n\t\t\t\t<div class=\"elementor-element elementor-element-7d094ab elementor-widget elementor-widget-text-editor\" data-id=\"7d094ab\" data-element_type=\"widget\" data-e-type=\"widget\" data-widget_type=\"text-editor.default\">\n\t\t\t\t<div class=\"elementor-widget-container\">\n\t\t\t\t\t\t\t\t\t<h3>2015<\/h3><p>Januar: Erstes Zeitzeugentreffen mit Renate Heinrich zum Thema \u201eDie Werksbahn nach Hart\u201c.<\/p><p>April \u2013 Oktober: Sonderausstellung \u201eHerzliche Gr\u00fc\u00dfe aus Garching, Hart, Mauerbergund Wald\u201c &#8211; Ansichtskarten aus dem letzten Jahrhundert. Organisation und Gestaltung: Alfred Maurer<\/p><p>Johannes Schmitzer macht Geschichtsunterricht begreifbar. Er fertigt Lehrmittel-kisten, korrespondierend zur Dauerausstellung im Museum am Rathaus, an. Die erste, dem Neolithikum gewidmete Kiste, ist fertig. Weitere Kisten sind in Vorbereitung.<\/p><p>Anl\u00e4sslich der feierlichen Wiederer\u00f6ffnung des Brucker Steges, der vom Alzhochwasser 2013 fortgerissen wurde, konnten dort auch die von Hans Schimmelbauer verfassten Br\u00fcckenverserl wieder angebracht werden.<\/p><p>Kassier Dietmar Paul verstarb am 13.09.2015 unerwartet. Uwe Huber \u00fcbernahm ab 20.10.2015 kommissarisch die Aufgaben des Kassiers.<\/p>\t\t\t\t\t\t\t\t<\/div>\n\t\t\t\t<\/div>\n\t\t\t\t<div class=\"elementor-element elementor-element-8f9b4b6 elementor-widget-divider--view-line elementor-widget elementor-widget-divider\" data-id=\"8f9b4b6\" data-element_type=\"widget\" data-e-type=\"widget\" data-widget_type=\"divider.default\">\n\t\t\t\t<div class=\"elementor-widget-container\">\n\t\t\t\t\t\t\t<div class=\"elementor-divider\">\n\t\t\t<span class=\"elementor-divider-separator\">\n\t\t\t\t\t\t<\/span>\n\t\t<\/div>\n\t\t\t\t\t\t<\/div>\n\t\t\t\t<\/div>\n\t\t\t\t<div class=\"elementor-element elementor-element-6c577b3 elementor-widget elementor-widget-text-editor\" data-id=\"6c577b3\" data-element_type=\"widget\" data-e-type=\"widget\" data-widget_type=\"text-editor.default\">\n\t\t\t\t<div class=\"elementor-widget-container\">\n\t\t\t\t\t\t\t\t\t<h3>2016<\/h3><p>Februar: Zeitzeugentreffen mit Renate Heinrich zum Thema \u201eKleingewerbe in der Alt\u00f6ttinger Stra\u00dfe in Garching\u201c<\/p><p>M\u00e4rz\/April:- Wirtshaussingen zum \u201eJosephitag\u201c<br \/>&#8211; Begehung einer Kiesbank an der Alz unter dem Thema \u201eStein um Stein-Flusskiesel der Alz\u201c<\/p><p>April &#8211; Oktober: Sonderausstellung \u201eDie 50er Jahre bei uns\u201c<br \/>Organisation und Gestaltung: Alfred Maurer und Fritz Demmel<\/p><p>August\/September: &#8211; Radlfahrt nach Feichten mit Besichtigung der renovierten Kirche<br \/>&#8211; Kulturfahrt nach Aldersbach zur Bayerischen Landesausstellung \u201eBier in Bayern\u201c<\/p><p>Oktober\/November:- Vortrag von Helmut Meisl mit dem Thema \u201eDie wundersame Reise des Landwehrmanns Johann Heistinger durch den 1.Weltkrieg\u201c<br \/>&#8211; Konzertante Musik mit Marina Mittermeier aus Garching und begleitende Texte mit Hans Reitinger<\/p><p>Dezember: Hauptversammlung mit Neuwahlen<br \/>In die Vorstandschaft wurden einstimmig gew\u00e4hlt:<br \/>1.Vorsitzender: Peter Wolfmeier<br \/>2.Vorsitzender: Johannes Schmitzer<br \/>Kassier: Uwe Huber<br \/>Schriftf\u00fchrer: Bernhard Schindlbeck<br \/>Beisitzer: Fritz Demmel, Richard Demmel, Helmut Meisl, Dr. Klaus Winter.<\/p>\t\t\t\t\t\t\t\t<\/div>\n\t\t\t\t<\/div>\n\t\t\t\t<div class=\"elementor-element elementor-element-75eb0d1 elementor-widget-divider--view-line elementor-widget elementor-widget-divider\" data-id=\"75eb0d1\" data-element_type=\"widget\" data-e-type=\"widget\" data-widget_type=\"divider.default\">\n\t\t\t\t<div class=\"elementor-widget-container\">\n\t\t\t\t\t\t\t<div class=\"elementor-divider\">\n\t\t\t<span class=\"elementor-divider-separator\">\n\t\t\t\t\t\t<\/span>\n\t\t<\/div>\n\t\t\t\t\t\t<\/div>\n\t\t\t\t<\/div>\n\t\t\t\t<div class=\"elementor-element elementor-element-42c6108 elementor-widget elementor-widget-text-editor\" data-id=\"42c6108\" data-element_type=\"widget\" data-e-type=\"widget\" data-widget_type=\"text-editor.default\">\n\t\t\t\t<div class=\"elementor-widget-container\">\n\t\t\t\t\t\t\t\t\t<h3>2017<\/h3><p>M\u00e4rz: Zeitzeugentreffen in Mauerberg mit Renate Heinrich und Wirtshaussingen zum \u201eJosephitag\u201c<\/p><p>April\/Mai:- Diavortrag von Hans Bittermann zur \u201eVereinsgeschichte des TUS Alztal Garching\u201c<\/p><p>&#8211; Besichtigung des Carowerks in Oberschroffen<br \/>&#8211; Kulturfahrt zum Salzburger Bauernhofmuseum<br \/>&#8211; Herbstliche Wanderung in Wald a.d.Alz unter F\u00fchrung von Peter Wolfmeier<\/p><p>April &#8211; Oktober: Sonderausstellung \u201eAlzkanal und Carowerk 1916 \u2013 1920\u201c<br \/>Organisation und Gestaltung: Alfred Maurer und Fritz Demmel<\/p><p>November: Werksbesichtigung in Hart a.d.Alz<\/p>\t\t\t\t\t\t\t\t<\/div>\n\t\t\t\t<\/div>\n\t\t\t\t<div class=\"elementor-element elementor-element-35556af elementor-widget-divider--view-line elementor-widget elementor-widget-divider\" data-id=\"35556af\" data-element_type=\"widget\" data-e-type=\"widget\" data-widget_type=\"divider.default\">\n\t\t\t\t<div class=\"elementor-widget-container\">\n\t\t\t\t\t\t\t<div class=\"elementor-divider\">\n\t\t\t<span class=\"elementor-divider-separator\">\n\t\t\t\t\t\t<\/span>\n\t\t<\/div>\n\t\t\t\t\t\t<\/div>\n\t\t\t\t<\/div>\n\t\t\t\t<div class=\"elementor-element elementor-element-643af48 elementor-widget elementor-widget-text-editor\" data-id=\"643af48\" data-element_type=\"widget\" data-e-type=\"widget\" data-widget_type=\"text-editor.default\">\n\t\t\t\t<div class=\"elementor-widget-container\">\n\t\t\t\t\t\t\t\t\t<h3>2018<\/h3><p>M\u00e4rz: &#8211; Zeitzeugentreffen mit Renate Heinrich zum Thema \u201eGarching\/Bahnhof\u201c<br \/>&#8211; \u201eWirtshaussingen zum Josefitag\u201c mit Ernst Schusser und Eva Bruckner vom Volksmusikarchiv des Bezirks Oberbayern<\/p><p><span style=\"color: var( --e-global-color-text ); font-family: var( --e-global-typography-text-font-family ), Sans-serif; font-weight: var( --e-global-typography-text-font-weight ); background-color: var(--nv-site-bg);\">April\/Mai: &#8211; Vortrag von Dr. Wanka, Siegsdorf, Thema: \u201e110 Jahre Tauernbahn\u201c<\/span><\/p><p>&#8211; Pfingstradlfahrt an der Alz bis Gendorf und Besichtigung der Brennerei Westenthanner<br \/>&#8211; Maiandacht in Schnabling zum Gedenken an Josef Dirscherl und verstorbene Mitglieder mit Musik und Gesang<\/p><p>Juni: Pl\u00e4ttenfahrt von Tittmoning bis Burghausen und Besichtigung des Pulverturms auf der Burghauser Burg.<\/p><p>September: Tag des offenen Denkmals mit F\u00fchrungen durch Fabrikarbeiterwohnung, Museum am Rathaus mit Dauer-\/Sonderausstellung und Karl-Janisch-Schule<\/p><p>Oktober: -Radlfahrt zum Steinbrecherberg(Brunnthal\/Feichten) und zur Geothermie Garching<br \/>&#8211; Kulturfahrt zur Ausstellung \u201cMythos Bayern\u201c nach Kloster Ettal<\/p><p>Dezember: Hauptversammlung mit Neuwahlen<br \/>In die Vorstandschaft wurden gew\u00e4hlt:<br \/>1.Vorsitzender: Peter Wolfmeier<br \/>2.Vorsitzender: Johannes Schmitzer<br \/>Kassier:\u00a0 \u00a0 \u00a0 \u00a0 \u00a0 \u00a0 \u00a0Uwe Huber<br \/>Schriftf\u00fchrer:\u00a0\u00a0\u00a0 Bernhard Schindlbeck<br \/>Beisitzer:\u00a0 \u00a0 \u00a0 \u00a0 \u00a0 \u00a0Helmut Meisl, Fritz Demmel, Dr. Klaus Winter, Heinz Wolf<br \/>Kassenpr\u00fcfer:\u00a0\u00a0 Reinhold Auer, Rolf Seidl<br \/>Durch Abstimmung wurden erstmals Familienbeitrag und Ehrenamtspauschale eingef\u00fchrt.<br \/>Anschlie\u00dfend: Vortrag von Helmut Meisl: \u201eR\u00fcckblick \u201eHans-Huber-Stadl\u201c<\/p>\t\t\t\t\t\t\t\t<\/div>\n\t\t\t\t<\/div>\n\t\t\t\t<div class=\"elementor-element elementor-element-e3ab52e elementor-widget-divider--view-line elementor-widget elementor-widget-divider\" data-id=\"e3ab52e\" data-element_type=\"widget\" data-e-type=\"widget\" data-widget_type=\"divider.default\">\n\t\t\t\t<div class=\"elementor-widget-container\">\n\t\t\t\t\t\t\t<div class=\"elementor-divider\">\n\t\t\t<span class=\"elementor-divider-separator\">\n\t\t\t\t\t\t<\/span>\n\t\t<\/div>\n\t\t\t\t\t\t<\/div>\n\t\t\t\t<\/div>\n\t\t\t\t<div class=\"elementor-element elementor-element-b5e90dd elementor-widget elementor-widget-text-editor\" data-id=\"b5e90dd\" data-element_type=\"widget\" data-e-type=\"widget\" data-widget_type=\"text-editor.default\">\n\t\t\t\t<div class=\"elementor-widget-container\">\n\t\t\t\t\t\t\t\t\t<h3>2019<\/h3><p>M\u00e4rz: &#8211; Zeitzeugentreffen in Garching mit Kreisheimatpflegerin Renate Heinrich zum Thema: \u201eLeben am und mit Wasser\u201c<br \/>-\u201eWirtshaussingen\u00a0 zum Josefitag\u201c mit Ernst Schusser und Eva Bruckner<\/p><p>April\/Mai: -Vortrag von Dr. Ulrich Kanz in der Aula der Karl-Janisch-Schule Thema: \u201eBairisch \u2013 das bessere Hochdeutsch?\u201c Umrahmung des Vortrages durch die \u201eHolzkastl-Musi\u201c.<br \/>Heimatkundliche Wanderung im Denkmalort Wald a.d.Alz; anschlie\u00dfend Besichtigung des Gartens von Felix Parello.<br \/>&#8211; Maiandacht in Skt. Ulrich, Schnabling.<\/p><p>April \u2013 Okt.: Sonderausstellung \u201eJosef Dirscherl zum 125. Geburtstag &#8211; Sein Werken und Wirken\u201c<br \/>Organisation und Gestaltung: Fritz Demmel und Alfred Maurer<\/p><p>Juni: Traditionelle Pfingstradlfahrt zum Heimatmuseum Kastl<\/p><p>Sept.\/Okt. : &#8211; Zeitzeugentreffen in Garching mit Renate Heinrich<br \/>Thema: \u201eAls das Leben elektrisch wurde\u201c.<br \/>&#8211; Kulturfahrt nach Augsburg mit Stadtf\u00fchrung, Besichtigung des Rathauses und der Fuggerei<br \/>&#8211; Vortrag von Wolfgang Hopfgartner: \u201eFaszination Steine &#8211; Vom Baustein zum Schmuckstein am Beispiel Inn-\/Salzachregion\u201c<\/p><p>Nov.\/Dez.: &#8211; Vortrag von Helmut Meisl: \u201eWirtschaftswunder in Garching: Eine bebilderte Zeitreise von der Stunde Null 1945 bis in die 60iger Jahre\u201c<br \/>-\u201eKaffeekranzl\u201c: Geschichten mit Renate Heinrich; Umrahmung mit bayrischer Volksmusik.<\/p>\t\t\t\t\t\t\t\t<\/div>\n\t\t\t\t<\/div>\n\t\t\t\t<div class=\"elementor-element elementor-element-1a1ec51 elementor-widget-divider--view-line elementor-widget elementor-widget-divider\" data-id=\"1a1ec51\" data-element_type=\"widget\" data-e-type=\"widget\" data-widget_type=\"divider.default\">\n\t\t\t\t<div class=\"elementor-widget-container\">\n\t\t\t\t\t\t\t<div class=\"elementor-divider\">\n\t\t\t<span class=\"elementor-divider-separator\">\n\t\t\t\t\t\t<\/span>\n\t\t<\/div>\n\t\t\t\t\t\t<\/div>\n\t\t\t\t<\/div>\n\t\t\t\t<div class=\"elementor-element elementor-element-741cec1 elementor-widget elementor-widget-text-editor\" data-id=\"741cec1\" data-element_type=\"widget\" data-e-type=\"widget\" data-widget_type=\"text-editor.default\">\n\t\t\t\t<div class=\"elementor-widget-container\">\n\t\t\t\t\t\t\t\t\t<h3>2020<\/h3><p>Februar:\u00a0 Zeitzeugentreffen in Garching mit Renate Heinrich zum Thema \u201eW\u00e4hrungsreform, L\u00f6hne, Preise, Kaufkraft\u201c<\/p><p>M\u00e4rz: Am 04.03.2020 verstirbt Heinz Wolf, Arbeitskreismitglied, Beisitzer, wertvoller\u00a0 und aktiver Mitarbeiter des Heimatbundes, nach einer Operation unerwartet.<\/p><p>M\u00e4rz \u2013 Sept.: Wegen der Pandemie durch das Corona-Virus entfallen alle geplanten Veranstaltungen. Alle Museen bleiben geschlossen.<\/p><p>Oktober: &#8211; Die wegen der Pandemie entfallene Pfingstradlfahrt nach W\u00f6lkham wird unter Abstand, Hygienema\u00dfnahmen und Mund-Nasen-Schutz nachgeholt.<br \/>Besichtigung der historischen Handwerksbetriebe: Die Schmiede von Peter Murner und die Wagnerei von Sepp Sax.<br \/>&#8211; Die Besichtigung des Katastrophenschutzbunkers in Garching entf\u00e4llt wegen der erneut erstarkten Pandemie und der staatlich verordneten Versammlungbeschr\u00e4nkungen.<br \/>&#8211; Die Museen bleiben weiterhin geschlossen.<br \/>&#8211; Helmut Meisl wird von Peter Wolfmeier zum Ehrenmitglied ernannt.<\/p><p>Dezember: Wegen der Corona-Pandemie muss die geplante Hauptversammlung mit Neuwahlen auf 2021 verschoben werden.<\/p>\t\t\t\t\t\t\t\t<\/div>\n\t\t\t\t<\/div>\n\t\t\t\t<div class=\"elementor-element elementor-element-3bc2203 elementor-widget-divider--view-line elementor-widget elementor-widget-divider\" data-id=\"3bc2203\" data-element_type=\"widget\" data-e-type=\"widget\" data-widget_type=\"divider.default\">\n\t\t\t\t<div class=\"elementor-widget-container\">\n\t\t\t\t\t\t\t<div class=\"elementor-divider\">\n\t\t\t<span class=\"elementor-divider-separator\">\n\t\t\t\t\t\t<\/span>\n\t\t<\/div>\n\t\t\t\t\t\t<\/div>\n\t\t\t\t<\/div>\n\t\t\t\t<div class=\"elementor-element elementor-element-bf44b8a elementor-widget elementor-widget-text-editor\" data-id=\"bf44b8a\" data-element_type=\"widget\" data-e-type=\"widget\" data-widget_type=\"text-editor.default\">\n\t\t\t\t<div class=\"elementor-widget-container\">\n\t\t\t\t\t\t\t\t\t<h3>2021<\/h3><p>Januar: Richard Demmel, Fritz Demmel und Alfred Maurer ziehen sich aus der Vereinsarbeit zur\u00fcck. Wirken und Auszeichnungen:<br \/>Richard Demmel: Gr\u00fcndungsmitglied des Heimatbundes im Jahr 1953, 34 Jahre 1. Vorsitzender, Ehrenmedaillen in Bronze und Silber von der Gemeinde Garching, Ehrennadel des Verbandes bayerischer Geschichtsvereine, B\u00fcrgermedaille des Landkreises M\u00fchldorf, Ehrenzeichen des Bayerischen Ministerpr\u00e4sidenten f\u00fcr Verdienste im Ehrenamt, Ehrenvorsitzender des Heimatbundes.<br \/>Fritz Demmel: Kunsthistoriker, 40 Jahre Mitglied, Medaille des Bezirks Oberbayern, Ehrenmedaille in Silber von der Gemeinde Garching.<br \/>Alfred Maurer: Langj\u00e4hriger Museumsleiter, Planer und Gestalter von vielen Sonderausstellungen, Ehrenmedaille in Silber von der Gemeinde Garching.<br \/>Als Stellvertreter der Museumsleitung \u00fcbernimmt Anderl Keil kommissarisch die Leitung des Museums am Rathaus.<\/p><p>Mai: Heimatkundliche Radlfahrt im Bereich des Alztales(<em>entfallen wegen Corona-<\/em><em>Pandemie!).<br \/><\/em>Maiandacht zum Gedenken an Josef Dirscherl und verstorbene Mitglieder.<\/p><p>September: Denkmalwanderung Mittergarching (SKW-Siedlung).<\/p><p>Oktober: Radlfahrt zur historischen Schmiede von Peter Murner nach W\u00f6lkham zum Bronzegie\u00dfen und anschlie\u00dfend Besichtigung und Einkehr in der Kleinbrauerei Hopfenkopf in Schregl.<br \/>Besichtigung des Katastrophenschutzbunkers in Garching.<\/p><p>November: Heimatliche Dichterlesung und mundartliche Szenen mit Fritz Mayer und Adi Hager<em>(entfallen wegen Corona-Pandemie!)<\/em><\/p>\t\t\t\t\t\t\t\t<\/div>\n\t\t\t\t<\/div>\n\t\t\t\t<div class=\"elementor-element elementor-element-b82d777 elementor-widget-divider--view-line elementor-widget elementor-widget-divider\" data-id=\"b82d777\" data-element_type=\"widget\" data-e-type=\"widget\" data-widget_type=\"divider.default\">\n\t\t\t\t<div class=\"elementor-widget-container\">\n\t\t\t\t\t\t\t<div class=\"elementor-divider\">\n\t\t\t<span class=\"elementor-divider-separator\">\n\t\t\t\t\t\t<\/span>\n\t\t<\/div>\n\t\t\t\t\t\t<\/div>\n\t\t\t\t<\/div>\n\t\t\t\t\t<\/div>\n\t\t<\/div>\n\t\t\t\t\t<\/div>\n\t\t<\/section>\n\t\t\t\t<section class=\"elementor-section elementor-top-section elementor-element elementor-element-f562c4a elementor-section-boxed elementor-section-height-default elementor-section-height-default\" data-id=\"f562c4a\" data-element_type=\"section\" data-e-type=\"section\">\n\t\t\t\t\t\t<div class=\"elementor-container elementor-column-gap-default\">\n\t\t\t\t\t<div class=\"elementor-column elementor-col-100 elementor-top-column elementor-element elementor-element-6ce7aee\" data-id=\"6ce7aee\" data-element_type=\"column\" data-e-type=\"column\">\n\t\t\t<div class=\"elementor-widget-wrap\">\n\t\t\t\t\t\t\t<\/div>\n\t\t<\/div>\n\t\t\t\t\t<\/div>\n\t\t<\/section>\n\t\t\t\t<\/div>\n\t\t","protected":false},"excerpt":{"rendered":"<p>Geschichte Heimatverein \/ Heimatbund Garching (1950) &#8222;Die Liebe zur Heimat, deren Erforschung in geschichtlicher und naturwissenschaftlicher Hinsicht und nicht zuletzt die Sorge um die Erhaltung der Boden-, Bau- und Naturdenkm\u00e4ler und des alten V\u00e4tergutes, sowie Natur- und Landschaftsschutz haben vor gut 25 Jahren zwei Freunde zusammengef\u00fchrt: Josef Dirscherl (Hauptlehrer) und Hans Schimmelbauer (Gemeindeangestellter)&#8222; so beginnt&hellip;&nbsp;<a href=\"https:\/\/www.heimatbund-garching.de\/?page_id=659\" rel=\"bookmark\">Weiterlesen &raquo;<span class=\"screen-reader-text\">Geschichte<\/span><\/a><\/p>\n","protected":false},"author":1,"featured_media":0,"parent":634,"menu_order":0,"comment_status":"closed","ping_status":"closed","template":"page-templates\/template-pagebuilder-full-width.php","meta":{"neve_meta_sidebar":"","neve_meta_container":"","neve_meta_enable_content_width":"","neve_meta_content_width":70,"neve_meta_title_alignment":"","neve_meta_author_avatar":"","neve_post_elements_order":"","neve_meta_disable_header":"","neve_meta_disable_footer":"","neve_meta_disable_title":"","_themeisle_gutenberg_block_has_review":false,"footnotes":""},"class_list":["post-659","page","type-page","status-publish","hentry"],"_links":{"self":[{"href":"https:\/\/www.heimatbund-garching.de\/index.php?rest_route=\/wp\/v2\/pages\/659","targetHints":{"allow":["GET"]}}],"collection":[{"href":"https:\/\/www.heimatbund-garching.de\/index.php?rest_route=\/wp\/v2\/pages"}],"about":[{"href":"https:\/\/www.heimatbund-garching.de\/index.php?rest_route=\/wp\/v2\/types\/page"}],"author":[{"embeddable":true,"href":"https:\/\/www.heimatbund-garching.de\/index.php?rest_route=\/wp\/v2\/users\/1"}],"replies":[{"embeddable":true,"href":"https:\/\/www.heimatbund-garching.de\/index.php?rest_route=%2Fwp%2Fv2%2Fcomments&post=659"}],"version-history":[{"count":59,"href":"https:\/\/www.heimatbund-garching.de\/index.php?rest_route=\/wp\/v2\/pages\/659\/revisions"}],"predecessor-version":[{"id":1629,"href":"https:\/\/www.heimatbund-garching.de\/index.php?rest_route=\/wp\/v2\/pages\/659\/revisions\/1629"}],"up":[{"embeddable":true,"href":"https:\/\/www.heimatbund-garching.de\/index.php?rest_route=\/wp\/v2\/pages\/634"}],"wp:attachment":[{"href":"https:\/\/www.heimatbund-garching.de\/index.php?rest_route=%2Fwp%2Fv2%2Fmedia&parent=659"}],"curies":[{"name":"wp","href":"https:\/\/api.w.org\/{rel}","templated":true}]}}