{"id":942,"date":"2019-06-10T13:40:22","date_gmt":"2019-06-10T11:40:22","guid":{"rendered":"http:\/\/wordpress.heimatbund-garching.de\/?page_id=942"},"modified":"2026-08-13T17:01:31","modified_gmt":"2026-08-13T15:01:31","slug":"galerie","status":"publish","type":"page","link":"https:\/\/www.heimatbund-garching.de\/?page_id=942","title":{"rendered":"Marterl"},"content":{"rendered":"\t\t<div data-elementor-type=\"wp-page\" data-elementor-id=\"942\" class=\"elementor elementor-942\">\n\t\t\t\t\t\t<section class=\"elementor-section elementor-top-section elementor-element elementor-element-b1f1e39 elementor-section-boxed elementor-section-height-default elementor-section-height-default\" data-id=\"b1f1e39\" data-element_type=\"section\" data-e-type=\"section\">\n\t\t\t\t\t\t<div class=\"elementor-container elementor-column-gap-default\">\n\t\t\t\t\t<div class=\"elementor-column elementor-col-50 elementor-top-column elementor-element elementor-element-75873e9\" data-id=\"75873e9\" data-element_type=\"column\" data-e-type=\"column\">\n\t\t\t<div class=\"elementor-widget-wrap elementor-element-populated\">\n\t\t\t\t\t\t<div class=\"elementor-element elementor-element-0957b19 elementor-widget elementor-widget-image\" data-id=\"0957b19\" data-element_type=\"widget\" data-e-type=\"widget\" data-widget_type=\"image.default\">\n\t\t\t\t<div class=\"elementor-widget-container\">\n\t\t\t\t\t\t\t\t\t\t\t\t\t\t\t<img fetchpriority=\"high\" decoding=\"async\" width=\"591\" height=\"443\" src=\"https:\/\/www.heimatbund-garching.de\/wp-content\/uploads\/2023\/01\/Brandhub.jpg\" class=\"attachment-large size-large wp-image-2079\" alt=\"\" srcset=\"https:\/\/www.heimatbund-garching.de\/wp-content\/uploads\/2023\/01\/Brandhub.jpg 591w, https:\/\/www.heimatbund-garching.de\/wp-content\/uploads\/2023\/01\/Brandhub-300x225.jpg 300w\" sizes=\"(max-width: 591px) 100vw, 591px\" \/>\t\t\t\t\t\t\t\t\t\t\t\t\t\t\t<\/div>\n\t\t\t\t<\/div>\n\t\t\t\t\t<\/div>\n\t\t<\/div>\n\t\t\t\t<div class=\"elementor-column elementor-col-50 elementor-top-column elementor-element elementor-element-7eebb61\" data-id=\"7eebb61\" data-element_type=\"column\" data-e-type=\"column\">\n\t\t\t<div class=\"elementor-widget-wrap elementor-element-populated\">\n\t\t\t\t\t\t<div class=\"elementor-element elementor-element-ac71bca elementor-widget elementor-widget-text-editor\" data-id=\"ac71bca\" data-element_type=\"widget\" data-e-type=\"widget\" data-widget_type=\"text-editor.default\">\n\t\t\t\t<div class=\"elementor-widget-container\">\n\t\t\t\t\t\t\t\t\t<h5 style=\"text-align: center;\"><span style=\"color: black; font-family: var( --e-global-typography-text-font-family ), Sans-serif; background-color: var(--nv-site-bg);\"><b>Wegkreuz Brandhub<\/b><\/span><\/h5><p>S\u00fcdwestlich der Einm\u00fcndung in die Stra\u00dfe von Neukirchen nach Wald steht ein Wetterkreuz, das zum Hof von Anton u. Maria Huber in Brandhub geh\u00f6rt. Auf eine lange Tradition weist der unter Flurnummer 60 f\u00fcr die Gemeinde Neukirchen eingetragene Name &#8222;die zwei Wetterkreuzlandl&#8220; hin. Ihn findet man auch im Kataster von 1850. Bereits 1889 hatte der damalige Bauer Mathias Rausch das Kreuz erneuern und benedizieren lassen, wie ein Schreiben vom Bisch\u00f6flichen Ordinariat Passau beweist. Nachdem es zun\u00e4chst dem Stra\u00dfenbau nach Wald weichen musste, wurde es sp\u00e4ter beim Transformatorturm wieder aufgestellt. Nach starker Besch\u00e4digung wurde es f\u00fcr fast 20 Jahre entfernt und erst 1991von Hans Aicher renoviert und am 22. Juni 1991 wieder aufgestellt. Am 5. Juli 1991 erhielt es von Pfarrer Max Eckl aus Halsbach den kirchlichen Segen, im Herbst des gleichen Jahres pflanzte der Bauer zu Brandhub links und rechts je einen Ahornbaum.<\/p><hr \/>\t\t\t\t\t\t\t\t<\/div>\n\t\t\t\t<\/div>\n\t\t\t\t\t<\/div>\n\t\t<\/div>\n\t\t\t\t\t<\/div>\n\t\t<\/section>\n\t\t\t\t<section class=\"elementor-section elementor-top-section elementor-element elementor-element-69551b3 elementor-section-boxed elementor-section-height-default elementor-section-height-default\" data-id=\"69551b3\" data-element_type=\"section\" data-e-type=\"section\">\n\t\t\t\t\t\t<div class=\"elementor-container elementor-column-gap-default\">\n\t\t\t\t\t<div class=\"elementor-column elementor-col-50 elementor-top-column elementor-element elementor-element-1d48d7c\" data-id=\"1d48d7c\" data-element_type=\"column\" data-e-type=\"column\">\n\t\t\t<div class=\"elementor-widget-wrap elementor-element-populated\">\n\t\t\t\t\t\t<div class=\"elementor-element elementor-element-ccdd1f7 elementor-widget elementor-widget-image\" data-id=\"ccdd1f7\" data-element_type=\"widget\" data-e-type=\"widget\" data-widget_type=\"image.default\">\n\t\t\t\t<div class=\"elementor-widget-container\">\n\t\t\t\t\t\t\t\t\t\t\t\t\t\t\t<img decoding=\"async\" width=\"654\" height=\"1024\" src=\"https:\/\/www.heimatbund-garching.de\/wp-content\/uploads\/2022\/10\/Kellerberg-654x1024.jpg\" class=\"attachment-large size-large wp-image-1864\" alt=\"\" srcset=\"https:\/\/www.heimatbund-garching.de\/wp-content\/uploads\/2022\/10\/Kellerberg-654x1024.jpg 654w, https:\/\/www.heimatbund-garching.de\/wp-content\/uploads\/2022\/10\/Kellerberg-192x300.jpg 192w, https:\/\/www.heimatbund-garching.de\/wp-content\/uploads\/2022\/10\/Kellerberg-768x1202.jpg 768w, https:\/\/www.heimatbund-garching.de\/wp-content\/uploads\/2022\/10\/Kellerberg-981x1536.jpg 981w, https:\/\/www.heimatbund-garching.de\/wp-content\/uploads\/2022\/10\/Kellerberg.jpg 1040w\" sizes=\"(max-width: 654px) 100vw, 654px\" \/>\t\t\t\t\t\t\t\t\t\t\t\t\t\t\t<\/div>\n\t\t\t\t<\/div>\n\t\t\t\t\t<\/div>\n\t\t<\/div>\n\t\t\t\t<div class=\"elementor-column elementor-col-50 elementor-top-column elementor-element elementor-element-5078c10\" data-id=\"5078c10\" data-element_type=\"column\" data-e-type=\"column\">\n\t\t\t<div class=\"elementor-widget-wrap elementor-element-populated\">\n\t\t\t\t\t\t<div class=\"elementor-element elementor-element-67030df elementor-widget elementor-widget-text-editor\" data-id=\"67030df\" data-element_type=\"widget\" data-e-type=\"widget\" data-widget_type=\"text-editor.default\">\n\t\t\t\t<div class=\"elementor-widget-container\">\n\t\t\t\t\t\t\t\t\t<h5>\u00a0<\/h5><h5>\u00a0<\/h5><h5 style=\"text-align: center;\"><span style=\"color: #000000;\"><strong>Bildstock am Kellerberg<\/strong><\/span><\/h5><p>Kellerberg, 30 m oberhalb Einfahrt zum Schloss. <br \/>Im Herbst 1987 begann Paul Maier mit Einwilligung des Besitzers mit der Renovierung des bis dahin achtlos schief, mit Gras zugewachsen hinter einem Zaun befindlichen Marterls. Mit Hilfe von Josef Huber und Hartl Hiermeier stellten sie zun\u00e4chst den Stein wieder auf, der fast bis zur H\u00e4lfte in den Boden versunken war. Paul Maier lie\u00df eine neue Blechtafel fertigen, auf die er zur Erinnerung an all die Ungl\u00fccke, die sich hier am Berg ereigneten, ein Fuhrwerksungl\u00fcck in \u00d6l malte. Aus Erz\u00e4hlungen wusste man, dass auf der alten, verrosteten Tafel ebenfalls eine solche Darstellung eines Unfalls abgebildet war, darunter eine Armenseelendarstellung. Auf diese wurde verzichtet. Unter dem Bild mahnt eine Inschrift auch die heutigen Verkehrsteilnehmer zur Vorsicht: &#8222;Zur Erinnerung an all jene, die durch Unf\u00e4lle an diesem Berg ums Leben kamen. Gedenket ihrer im Gebet.&#8220; Interessant: auf der Vorderseite des Steines eingemei\u00dfelte Jahreszahl 1837, vermeintlich das Datum der Erstaufstellung. Mehr ist dazu nicht bekannt.\u00a0<br \/><span style=\"color: var( --e-global-color-text ); font-family: var( --e-global-typography-text-font-family ), Sans-serif; font-weight: var( --e-global-typography-text-font-weight ); background-color: var(--nv-site-bg);\">Das Bild wurde restauriert von Hermann Obele im August 2008 (Original im Museum)<\/span><\/p><p>\u00a0<\/p><hr \/>\t\t\t\t\t\t\t\t<\/div>\n\t\t\t\t<\/div>\n\t\t\t\t\t<\/div>\n\t\t<\/div>\n\t\t\t\t\t<\/div>\n\t\t<\/section>\n\t\t\t\t<section class=\"elementor-section elementor-top-section elementor-element elementor-element-aad7f29 elementor-section-boxed elementor-section-height-default elementor-section-height-default\" data-id=\"aad7f29\" data-element_type=\"section\" data-e-type=\"section\">\n\t\t\t\t\t\t<div class=\"elementor-container elementor-column-gap-default\">\n\t\t\t\t\t<div class=\"elementor-column elementor-col-50 elementor-top-column elementor-element elementor-element-9ba4984\" data-id=\"9ba4984\" data-element_type=\"column\" data-e-type=\"column\">\n\t\t\t<div class=\"elementor-widget-wrap elementor-element-populated\">\n\t\t\t\t\t\t<div class=\"elementor-element elementor-element-889d92e elementor-widget elementor-widget-image\" data-id=\"889d92e\" data-element_type=\"widget\" data-e-type=\"widget\" data-widget_type=\"image.default\">\n\t\t\t\t<div class=\"elementor-widget-container\">\n\t\t\t\t\t\t\t\t\t\t\t\t\t\t\t<img decoding=\"async\" width=\"647\" height=\"1024\" src=\"https:\/\/www.heimatbund-garching.de\/wp-content\/uploads\/2022\/10\/Oberlindach-1-647x1024.jpg\" class=\"attachment-large size-large wp-image-1873\" alt=\"\" srcset=\"https:\/\/www.heimatbund-garching.de\/wp-content\/uploads\/2022\/10\/Oberlindach-1-647x1024.jpg 647w, https:\/\/www.heimatbund-garching.de\/wp-content\/uploads\/2022\/10\/Oberlindach-1-190x300.jpg 190w, https:\/\/www.heimatbund-garching.de\/wp-content\/uploads\/2022\/10\/Oberlindach-1-768x1215.jpg 768w, https:\/\/www.heimatbund-garching.de\/wp-content\/uploads\/2022\/10\/Oberlindach-1-971x1536.jpg 971w, https:\/\/www.heimatbund-garching.de\/wp-content\/uploads\/2022\/10\/Oberlindach-1.jpg 1044w\" sizes=\"(max-width: 647px) 100vw, 647px\" \/>\t\t\t\t\t\t\t\t\t\t\t\t\t\t\t<\/div>\n\t\t\t\t<\/div>\n\t\t\t\t\t<\/div>\n\t\t<\/div>\n\t\t\t\t<div class=\"elementor-column elementor-col-50 elementor-top-column elementor-element elementor-element-2df7a6f\" data-id=\"2df7a6f\" data-element_type=\"column\" data-e-type=\"column\">\n\t\t\t<div class=\"elementor-widget-wrap elementor-element-populated\">\n\t\t\t\t\t\t<div class=\"elementor-element elementor-element-bb60eeb elementor-widget elementor-widget-text-editor\" data-id=\"bb60eeb\" data-element_type=\"widget\" data-e-type=\"widget\" data-widget_type=\"text-editor.default\">\n\t\t\t\t<div class=\"elementor-widget-container\">\n\t\t\t\t\t\t\t\t\t<h5>\u00a0<\/h5><h5>\u00a0<\/h5><h5 style=\"margin-bottom: 0.0001pt; line-height: normal; text-align: center;\"><span style=\"mso-ascii-font-family: Calibri; mso-fareast-font-family: 'Times New Roman'; mso-hansi-font-family: Calibri; mso-bidi-font-family: Calibri; color: black; mso-fareast-language: DE;\"><b>\u00a0Feldkreuz Kirmaier<\/b><\/span><\/h5><p>An der Stra\u00dfe, die von der Kreisstra\u00dfe zum Hof f\u00fchrt, unterhalb des Hofes. Das als &#8222;Wetterkreuz&#8220; bezeichnete schmiedeeiserne Kreuz stammt aus der Zeit um 1870.<br \/>Im \u00e4lteren Sinne war mit der Marter Christi die Kreuzesdarstellung gemeint. So hei\u00dft es in einem alten Dokument: &#8222;Am Karfreitag, so man die marter nieder leget und k\u00fcsset.&#8220; oder &#8222;&#8230; wan\u00a0 sie kniete vor unseres herrn martel.&#8220; Solche Textstellen belegen den mittelhochdeutschen Sprachgebrauch von &#8222;marter&#8220; oder &#8222;marterl&#8220; im Sinne von Kreuz und Kruzifix. Diese Benennung des Gekreuzigten \u00fcbertrug sich in der Folge auch auf die steinernen und h\u00f6lzernen Male, die mit einem Kreuz oder einer Darstellung aus der Leidensgeschichte Jesu ausgestattet waren.<\/p><p>\u00a0<\/p><p>\u00a0<\/p><p>\u00a0<\/p><p>\u00a0<\/p><p>\u00a0<\/p><p>\u00a0<\/p><p>\u00a0<\/p><p>\u00a0<\/p><hr \/>\t\t\t\t\t\t\t\t<\/div>\n\t\t\t\t<\/div>\n\t\t\t\t\t<\/div>\n\t\t<\/div>\n\t\t\t\t\t<\/div>\n\t\t<\/section>\n\t\t\t\t<section class=\"elementor-section elementor-top-section elementor-element elementor-element-0dc479a elementor-section-boxed elementor-section-height-default elementor-section-height-default\" data-id=\"0dc479a\" data-element_type=\"section\" data-e-type=\"section\">\n\t\t\t\t\t\t<div class=\"elementor-container elementor-column-gap-default\">\n\t\t\t\t\t<div class=\"elementor-column elementor-col-100 elementor-top-column elementor-element elementor-element-e41335d\" data-id=\"e41335d\" data-element_type=\"column\" data-e-type=\"column\">\n\t\t\t<div class=\"elementor-widget-wrap elementor-element-populated\">\n\t\t\t\t\t\t<div class=\"elementor-element elementor-element-7bf7d2e elementor-widget__width-initial elementor-widget elementor-widget-image\" data-id=\"7bf7d2e\" data-element_type=\"widget\" data-e-type=\"widget\" data-widget_type=\"image.default\">\n\t\t\t\t<div class=\"elementor-widget-container\">\n\t\t\t\t\t\t\t\t\t\t\t\t\t\t\t<img decoding=\"async\" src=\"https:\/\/www.heimatbund-garching.de\/wp-content\/uploads\/2022\/09\/Wegkreuz-Wimm.jpg\" title=\"Wegkreuz Wimm\" alt=\"Wegkreuz Wimm\" loading=\"lazy\" \/>\t\t\t\t\t\t\t\t\t\t\t\t\t\t\t<\/div>\n\t\t\t\t<\/div>\n\t\t\t\t<div class=\"elementor-element elementor-element-32f347b elementor-widget__width-initial elementor-widget elementor-widget-text-editor\" data-id=\"32f347b\" data-element_type=\"widget\" data-e-type=\"widget\" data-widget_type=\"text-editor.default\">\n\t\t\t\t<div class=\"elementor-widget-container\">\n\t\t\t\t\t\t\t\t\t<h5>\u00a0<\/h5><h5>\u00a0<\/h5><h5 style=\"text-align: center;\"><span style=\"color: #000000;\"><strong>Wegkreuz Wimm<\/strong><\/span><\/h5><p>Unweit von Brandhub an der Stra\u00dfe nach Neukirchen ein Wetterkreuz an der Einm\u00fcndung nach Wimm bei einer kr\u00e4ftigen Eberesche. Der Flurname &#8222;Wetterkreuzwiesen&#8220; deutet auf eine lange geschichtliche Tradition hin. Nach Aussage des Besitzers Hans Kronposthuber in Wimm stand hier schon ein Kreuz &#8222;seit Menschengedenken&#8220;. Nachdem es beim Stra\u00dfenbau von Neukirchen nach Wald im Jahr 1966 weichen musste, wurde das inzwischen von Thomas Hauser, Wiesen, erneuerte Kreuz an dieser Stelle, um einige Meter versetzt, wieder aufgestellt. Auch die Eberesche wurde etwa im Jahr 1970 gepflanzt. Das Kreuz beinhaltet eine etwa 55 cm hohe Christus- und eine 40 cm hohe Marienfigur, die zuletzt im Mai 1992 oberfl\u00e4chlich \u00fcbermalt wurden.<\/p><p>\u00a0<\/p><p>\u00a0<\/p><p>\u00a0<\/p><p>\u00a0<\/p><hr \/>\t\t\t\t\t\t\t\t<\/div>\n\t\t\t\t<\/div>\n\t\t\t\t\t<\/div>\n\t\t<\/div>\n\t\t\t\t\t<\/div>\n\t\t<\/section>\n\t\t\t\t<section class=\"elementor-section elementor-top-section elementor-element elementor-element-a1e8523 elementor-section-boxed elementor-section-height-default elementor-section-height-default\" data-id=\"a1e8523\" data-element_type=\"section\" data-e-type=\"section\">\n\t\t\t\t\t\t<div class=\"elementor-container elementor-column-gap-default\">\n\t\t\t\t\t<div class=\"elementor-column elementor-col-100 elementor-top-column elementor-element elementor-element-762e88c\" data-id=\"762e88c\" data-element_type=\"column\" data-e-type=\"column\">\n\t\t\t<div class=\"elementor-widget-wrap elementor-element-populated\">\n\t\t\t\t\t\t<div class=\"elementor-element elementor-element-4ddb6ab elementor-widget__width-initial elementor-widget elementor-widget-image\" data-id=\"4ddb6ab\" data-element_type=\"widget\" data-e-type=\"widget\" data-widget_type=\"image.default\">\n\t\t\t\t<div class=\"elementor-widget-container\">\n\t\t\t\t\t\t\t\t\t\t\t\t\t\t\t<img loading=\"lazy\" decoding=\"async\" width=\"726\" height=\"1024\" src=\"https:\/\/www.heimatbund-garching.de\/wp-content\/uploads\/2026\/06\/Marienbildstock-Frau-aller-Voelker-und-aller-Staaten-Hart-a.-d.-Alz-5-726x1024.jpg\" class=\"attachment-large size-large wp-image-2788\" alt=\"\" srcset=\"https:\/\/www.heimatbund-garching.de\/wp-content\/uploads\/2026\/06\/Marienbildstock-Frau-aller-Voelker-und-aller-Staaten-Hart-a.-d.-Alz-5-726x1024.jpg 726w, https:\/\/www.heimatbund-garching.de\/wp-content\/uploads\/2026\/06\/Marienbildstock-Frau-aller-Voelker-und-aller-Staaten-Hart-a.-d.-Alz-5-213x300.jpg 213w, https:\/\/www.heimatbund-garching.de\/wp-content\/uploads\/2026\/06\/Marienbildstock-Frau-aller-Voelker-und-aller-Staaten-Hart-a.-d.-Alz-5-768x1083.jpg 768w, https:\/\/www.heimatbund-garching.de\/wp-content\/uploads\/2026\/06\/Marienbildstock-Frau-aller-Voelker-und-aller-Staaten-Hart-a.-d.-Alz-5-1090x1536.jpg 1090w, https:\/\/www.heimatbund-garching.de\/wp-content\/uploads\/2026\/06\/Marienbildstock-Frau-aller-Voelker-und-aller-Staaten-Hart-a.-d.-Alz-5-1453x2048.jpg 1453w, https:\/\/www.heimatbund-garching.de\/wp-content\/uploads\/2026\/06\/Marienbildstock-Frau-aller-Voelker-und-aller-Staaten-Hart-a.-d.-Alz-5-scaled.jpg 1816w\" sizes=\"(max-width: 726px) 100vw, 726px\" \/>\t\t\t\t\t\t\t\t\t\t\t\t\t\t\t<\/div>\n\t\t\t\t<\/div>\n\t\t\t\t<div class=\"elementor-element elementor-element-9e7b96e elementor-widget__width-initial elementor-widget elementor-widget-text-editor\" data-id=\"9e7b96e\" data-element_type=\"widget\" data-e-type=\"widget\" data-widget_type=\"text-editor.default\">\n\t\t\t\t<div class=\"elementor-widget-container\">\n\t\t\t\t\t\t\t\t\t<h5>\u00a0<\/h5><h5 style=\"text-align: center;\"><strong><span style=\"color: #000000;\">Marienbildstock Frau aller V\u00f6lker und aller Staaten<\/span><\/strong><\/h5><table width=\"1019\"><tbody><tr><td width=\"1019\"><p>Paul Maier: Im Winter 1988\/89 erhielt ich einen Anruf der Harter Frauenbundvorsitzenden H\u00f6rner. Sie erz\u00e4hlte, dass der Harter Hobbyschnitzer Sepp Huber schon lange eine Marienfigur f\u00fcr den Frauenbund gestiftet hatte &#8230; aber noch kein passender Platz daf\u00fcr gefunden wurde. Sie wollte einen Bildstock errichten lassen und bat mich, ihr dabei behilflich zu sein. Bei einem Spaziergang fand ich eine geeignete Stelle und fertigte einige Entw\u00fcrfe, die vom Pfarrgemeinderat begutachtet wurden. Kreisheimatpfleger Alois Stockner erg\u00e4nzte diesen Entwurf und hocherfreut erz\u00e4hlte mir Frau H\u00f6rner im Herbst 1988, dass die SKW den Platz unter den Birken zur Verf\u00fcgung stellt und auch die Kosten dieses Bauwerkes tr\u00e4gt.<br \/>ANA: Ein neuer Bildstock unterm Birkengr\u00fcn (Mai 1989)<br \/>genehmigt im Bauausschuss Unterneukrichen, Baumeister Kornad Beretitsch, Stefan H\u00f6rner und Sohn Wolfgang haben in ihrer Freizeit dem Bildstock ein stattliches Ansehen verliehen. Das Ziegel-Mauerwerk, das auf einem Betonsockel steht, wurde mit Gratschnitt-Biber eingedeckt. Willi K\u00fchnel fertigte ein schmiedeeisernes Gitter, das die Statuennische zieren und sch\u00fctzen soll. Mit der Bepflanzung und Begr\u00fcnung war der Gartenbauverein Hart\/Alz schon aktiv. Die Muttergottesstatue, deren Rohling Sepp Huber aus einer S\u00fcdtiroler Fr\u00e4serei besorgte, ist 53 Zentimeter gro\u00df. Einweihung des Bildstockes hat der Kath. Frauenbund auf 20. Mai (1989) festgesetzt. Nach einem Abendgottesdienst werden die Gl\u00e4ubigen in einer Prozession, die von der Musikkapelle Taufer angef\u00fchrt wird, zum Bildstock ziehen. Dort wird Pfarrer Kasimir Spilmann die Weihe vollziehen.<br \/>In Zukunft will der Kath. Frauenbund j\u00e4hrlich im Mai nach einer Lichterprozession am Bildstock eine Maiandacht halten.<\/p><p>\u00a0<\/p><\/td><\/tr><\/tbody><\/table>\t\t\t\t\t\t\t\t<\/div>\n\t\t\t\t<\/div>\n\t\t\t\t\t<\/div>\n\t\t<\/div>\n\t\t\t\t\t<\/div>\n\t\t<\/section>\n\t\t\t\t<section class=\"elementor-section elementor-top-section elementor-element elementor-element-8973911 elementor-section-boxed elementor-section-height-default elementor-section-height-default\" data-id=\"8973911\" data-element_type=\"section\" data-e-type=\"section\">\n\t\t\t\t\t\t<div class=\"elementor-container elementor-column-gap-default\">\n\t\t\t\t\t<div class=\"elementor-column elementor-col-50 elementor-top-column elementor-element elementor-element-a51ef01\" data-id=\"a51ef01\" data-element_type=\"column\" data-e-type=\"column\">\n\t\t\t<div class=\"elementor-widget-wrap elementor-element-populated\">\n\t\t\t\t\t\t<div class=\"elementor-element elementor-element-61ac4fc elementor-widget elementor-widget-image\" data-id=\"61ac4fc\" data-element_type=\"widget\" data-e-type=\"widget\" data-widget_type=\"image.default\">\n\t\t\t\t<div class=\"elementor-widget-container\">\n\t\t\t\t\t\t\t\t\t\t\t\t\t\t\t<img loading=\"lazy\" decoding=\"async\" width=\"768\" height=\"1024\" src=\"https:\/\/www.heimatbund-garching.de\/wp-content\/uploads\/2026\/06\/Gruenauer-Steg_01-768x1024.jpg\" class=\"attachment-large size-large wp-image-2819\" alt=\"\" srcset=\"https:\/\/www.heimatbund-garching.de\/wp-content\/uploads\/2026\/06\/Gruenauer-Steg_01-768x1024.jpg 768w, https:\/\/www.heimatbund-garching.de\/wp-content\/uploads\/2026\/06\/Gruenauer-Steg_01-225x300.jpg 225w, https:\/\/www.heimatbund-garching.de\/wp-content\/uploads\/2026\/06\/Gruenauer-Steg_01-1152x1536.jpg 1152w, https:\/\/www.heimatbund-garching.de\/wp-content\/uploads\/2026\/06\/Gruenauer-Steg_01.jpg 1536w\" sizes=\"(max-width: 768px) 100vw, 768px\" \/>\t\t\t\t\t\t\t\t\t\t\t\t\t\t\t<\/div>\n\t\t\t\t<\/div>\n\t\t\t\t\t<\/div>\n\t\t<\/div>\n\t\t\t\t<div class=\"elementor-column elementor-col-50 elementor-top-column elementor-element elementor-element-9636ff1\" data-id=\"9636ff1\" data-element_type=\"column\" data-e-type=\"column\">\n\t\t\t<div class=\"elementor-widget-wrap elementor-element-populated\">\n\t\t\t\t\t\t<div class=\"elementor-element elementor-element-95bfc5e elementor-widget elementor-widget-text-editor\" data-id=\"95bfc5e\" data-element_type=\"widget\" data-e-type=\"widget\" data-widget_type=\"text-editor.default\">\n\t\t\t\t<div class=\"elementor-widget-container\">\n\t\t\t\t\t\t\t\t\t<h5 style=\"text-align: center;\">\u00a0<\/h5><table style=\"height: 400px;\" width=\"1018\"><tbody><tr><td width=\"1019\"><h5 style=\"text-align: center;\"><span style=\"color: #000000;\"><strong>Marterl am &#8222;Gr\u00fcnauer Steg&#8220; am linken Alzufer<\/strong><\/span><\/h5><p>Ein besonders geformtes Marterl erinnert am Alzsteg bei Flusskilometer 25,0 an einen tragisch im Jahr 1940 Verungl\u00fcckten. <br \/>&#8222;Hier \/ verungl\u00fcckte, \/ Herr Gg. Meier \/ Fabrikarbeiter \/ v. Kirchweidach, \/ a. 20. Juli \/ 1940&#8220;<br \/>Nach Erz\u00e4hlungen seines Sohnes Georg Maier fuhr der Vater am Samstag, 20. Juli 1940 um 13 Uhr mit zwei Arbeitskollegen zur Schicht ins Werk der SKW in Hart. Dabei \u00fcberquerten sie bei Rehdorf den Steg \u00fcber die Alz. Dieser Steg war kurz zuvor durch das Hochwasser der Alz auf der Harter Seite um etwa 4 m weggerissen und durch einen langen Holzbalken notd\u00fcrftig ausgebessert worden, nat\u00fcrlich schmal und ohne Gel\u00e4nder. Georg Maier schaute nach den gro\u00dfen Fischen, die damals noch in der Alz lebten, und wollte als Angler bald einen herausziehen. Um seine Kollegen wieder einzuholen, fuhr er \u00fcber die Ausbesserungsstelle &#8211; seine Kollegen hatten ihre Fahrr\u00e4der geschoben. Er aber st\u00fcrzte im Uferbereich der Alz auf die gro\u00dfen Steine. Er zog sich neben einem Sch\u00e4delbruch, einen Beinbruch, Rippenbr\u00fcche und innere Verletzungen zu. Als seine Kollegen zur\u00fcckkamen, fanden sie ihn und brachten ihn sofort zum n\u00e4chsten Haus. Im Krankenhaus erlag er zwei Tage sp\u00e4ter seinen Verletzungen. 1943 wurde zum ersten Mal eine Gedenktafel aufgestellt, mit Holzkantstamm und Holzdach. Etwa 1987 wurde die Schriftplatte von Georg Maier (Sohn) auf ein 77 x 57 cm gro\u00dfes Kupferblech aufgeschraubt und an einem Metallrohr befestigt. <br \/>vgl. K. D. Erich Bd. V S. 565 f (Anm.: auf dem Sterbebild wird Herrn Georg Maier gedacht, die Inschrift auf dem Marterl lautet jedoch auf Meier)<\/p><\/td><\/tr><\/tbody><\/table>\t\t\t\t\t\t\t\t<\/div>\n\t\t\t\t<\/div>\n\t\t\t\t\t<\/div>\n\t\t<\/div>\n\t\t\t\t\t<\/div>\n\t\t<\/section>\n\t\t\t\t<section class=\"elementor-section elementor-top-section elementor-element elementor-element-107e0cc elementor-section-boxed elementor-section-height-default elementor-section-height-default\" data-id=\"107e0cc\" data-element_type=\"section\" data-e-type=\"section\">\n\t\t\t\t\t\t<div class=\"elementor-container elementor-column-gap-default\">\n\t\t\t\t\t<div class=\"elementor-column elementor-col-50 elementor-top-column elementor-element elementor-element-5a17be0\" data-id=\"5a17be0\" data-element_type=\"column\" data-e-type=\"column\">\n\t\t\t<div class=\"elementor-widget-wrap elementor-element-populated\">\n\t\t\t\t\t\t<div class=\"elementor-element elementor-element-d23e070 elementor-widget elementor-widget-image\" data-id=\"d23e070\" data-element_type=\"widget\" data-e-type=\"widget\" data-widget_type=\"image.default\">\n\t\t\t\t<div class=\"elementor-widget-container\">\n\t\t\t\t\t\t\t\t\t\t\t\t\t\t\t<img loading=\"lazy\" decoding=\"async\" width=\"846\" height=\"1024\" src=\"https:\/\/www.heimatbund-garching.de\/wp-content\/uploads\/2026\/07\/003_Bruck_Heimhilger_Kreuz_001-846x1024.jpg\" class=\"attachment-large size-large wp-image-2851\" alt=\"\" srcset=\"https:\/\/www.heimatbund-garching.de\/wp-content\/uploads\/2026\/07\/003_Bruck_Heimhilger_Kreuz_001-846x1024.jpg 846w, https:\/\/www.heimatbund-garching.de\/wp-content\/uploads\/2026\/07\/003_Bruck_Heimhilger_Kreuz_001-248x300.jpg 248w, https:\/\/www.heimatbund-garching.de\/wp-content\/uploads\/2026\/07\/003_Bruck_Heimhilger_Kreuz_001-768x930.jpg 768w, https:\/\/www.heimatbund-garching.de\/wp-content\/uploads\/2026\/07\/003_Bruck_Heimhilger_Kreuz_001-1268x1536.jpg 1268w, https:\/\/www.heimatbund-garching.de\/wp-content\/uploads\/2026\/07\/003_Bruck_Heimhilger_Kreuz_001-1691x2048.jpg 1691w\" sizes=\"(max-width: 846px) 100vw, 846px\" \/>\t\t\t\t\t\t\t\t\t\t\t\t\t\t\t<\/div>\n\t\t\t\t<\/div>\n\t\t\t\t\t<\/div>\n\t\t<\/div>\n\t\t\t\t<div class=\"elementor-column elementor-col-50 elementor-top-column elementor-element elementor-element-8e0019a\" data-id=\"8e0019a\" data-element_type=\"column\" data-e-type=\"column\">\n\t\t\t<div class=\"elementor-widget-wrap elementor-element-populated\">\n\t\t\t\t\t\t<div class=\"elementor-element elementor-element-af2e51a elementor-widget elementor-widget-text-editor\" data-id=\"af2e51a\" data-element_type=\"widget\" data-e-type=\"widget\" data-widget_type=\"text-editor.default\">\n\t\t\t\t<div class=\"elementor-widget-container\">\n\t\t\t\t\t\t\t\t\t<h5>\u00a0<\/h5><h5>\u00a0<\/h5><h5 style=\"text-align: center;\"><span style=\"color: #000000;\"><strong>Heimhilger Kreuz<\/strong><\/span><\/h5><p>Zwischen Bruckm\u00fchl und der Antholznerkurve an der B 299 linkerhand auf Grundst\u00fcck Karl Heimhilger (Eichenholz, Figur Grauguss)<br \/>Nach Auskunft von K. Heimhilger steht dieses Kreuz schon seit Urgro\u00dfvaters Zeiten an dieser Stelle und wurde wahrscheinlich als Feldkreuz f\u00fcr die L\u00e4ndereien der Bruckm\u00fchle errichtet. Paul Maier (Heimatbund Garching) renovierte 1979 gemeinsam mit Karl Heimhilger das Kreuz. <br \/>Am 21.5.1979 wurde das Kreuz zur Erinnerung an die Bruckm\u00fcllner neu aufgestellt.&#8220;<\/p><p>\u00a0<\/p><p>\u00a0<\/p><p>\u00a0<\/p><hr \/>\t\t\t\t\t\t\t\t<\/div>\n\t\t\t\t<\/div>\n\t\t\t\t\t<\/div>\n\t\t<\/div>\n\t\t\t\t\t<\/div>\n\t\t<\/section>\n\t\t\t\t<section class=\"elementor-section elementor-top-section elementor-element elementor-element-dfd9390 elementor-section-boxed elementor-section-height-default elementor-section-height-default\" data-id=\"dfd9390\" data-element_type=\"section\" data-e-type=\"section\">\n\t\t\t\t\t\t<div class=\"elementor-container elementor-column-gap-default\">\n\t\t\t\t\t<div class=\"elementor-column elementor-col-50 elementor-top-column elementor-element elementor-element-5367ac7\" data-id=\"5367ac7\" data-element_type=\"column\" data-e-type=\"column\">\n\t\t\t<div class=\"elementor-widget-wrap elementor-element-populated\">\n\t\t\t\t\t\t<div class=\"elementor-element elementor-element-c70a936 elementor-widget elementor-widget-image\" data-id=\"c70a936\" data-element_type=\"widget\" data-e-type=\"widget\" data-widget_type=\"image.default\">\n\t\t\t\t<div class=\"elementor-widget-container\">\n\t\t\t\t\t\t\t\t\t\t\t\t\t\t\t<img loading=\"lazy\" decoding=\"async\" width=\"888\" height=\"1024\" src=\"https:\/\/www.heimatbund-garching.de\/wp-content\/uploads\/2026\/08\/020_Jakobskapelle_Moern_002-888x1024.jpg\" class=\"attachment-large size-large wp-image-2876\" alt=\"\" srcset=\"https:\/\/www.heimatbund-garching.de\/wp-content\/uploads\/2026\/08\/020_Jakobskapelle_Moern_002-888x1024.jpg 888w, https:\/\/www.heimatbund-garching.de\/wp-content\/uploads\/2026\/08\/020_Jakobskapelle_Moern_002-260x300.jpg 260w, https:\/\/www.heimatbund-garching.de\/wp-content\/uploads\/2026\/08\/020_Jakobskapelle_Moern_002-768x886.jpg 768w, https:\/\/www.heimatbund-garching.de\/wp-content\/uploads\/2026\/08\/020_Jakobskapelle_Moern_002-1331x1536.jpg 1331w, https:\/\/www.heimatbund-garching.de\/wp-content\/uploads\/2026\/08\/020_Jakobskapelle_Moern_002-1775x2048.jpg 1775w\" sizes=\"(max-width: 888px) 100vw, 888px\" \/>\t\t\t\t\t\t\t\t\t\t\t\t\t\t\t<\/div>\n\t\t\t\t<\/div>\n\t\t\t\t\t<\/div>\n\t\t<\/div>\n\t\t\t\t<div class=\"elementor-column elementor-col-50 elementor-top-column elementor-element elementor-element-628d1cd\" data-id=\"628d1cd\" data-element_type=\"column\" data-e-type=\"column\">\n\t\t\t<div class=\"elementor-widget-wrap elementor-element-populated\">\n\t\t\t\t\t\t<div class=\"elementor-element elementor-element-d6b55a9 elementor-widget elementor-widget-text-editor\" data-id=\"d6b55a9\" data-element_type=\"widget\" data-e-type=\"widget\" data-widget_type=\"text-editor.default\">\n\t\t\t\t<div class=\"elementor-widget-container\">\n\t\t\t\t\t\t\t\t\t<p>.<\/p><table width=\"1019\"><tbody><tr><td width=\"1019\"><h5 style=\"text-align: center;\"><span style=\"color: #000000;\"><strong>M\u00f6rner Jakobs-Kapelle <\/strong><\/span><\/h5><p>ca 250 m westl. des Hofes an der Verbindungsstr. Lehen-Ausleiten<br \/>Im Sommer 2009 renoviert<br \/>Man wei\u00df, dass an dieser Stelle bis 1912 eine alte, verfallene Kapelle stand. Die damalige Besitzerin des M\u00f6rnerhofes Theresia Kainzmaier, eine sehr christl. und wohlhabende Frau, gab 1912 den Auftrag, eine neue Kapelle zu errichten. Sie wurde aus Ziegeln aufgemauert und erhielt ein sch\u00f6n geschmiedetes Gitter mit den Initialen19 PK &#8211; TK 12 = Peter und Theresia Kainzmaier 1912. Man nimmt an, dass dieses Gitter in Schmied am Lehen gefertigt wurde. Das an der oberen Nische angebrachte kleine Gitter hat dasselbe geschwungene Muster, kommt also aus der gleichen Werkstatt. <br \/>Die in der Kapelle aufgestellte Figur des hl. Jakob wurde 1970 daraus entnommen und im M\u00f6rnerhof aufgestellt. Man nimmt an, dass diese Figur ca 400 Jahre alt ist. <br \/>Bis 1928 standen neben der Kapelle einige Akazien, die wegen ihrer Gr\u00f6\u00dfe gerodet und durch den jetzt dort stehenden Ahornbaum ersetzt wurden.<br \/>Seit &#8222;undenklichen&#8220; Zeiten findet allj\u00e4hrlich bei dieser Kapelle am 25. Juli das &#8222;Jakobslaufen&#8220; statt. (Erich S. 518 ff)<\/p><p>\u00a0<\/p><\/td><\/tr><\/tbody><\/table>\t\t\t\t\t\t\t\t<\/div>\n\t\t\t\t<\/div>\n\t\t\t\t\t<\/div>\n\t\t<\/div>\n\t\t\t\t\t<\/div>\n\t\t<\/section>\n\t\t\t\t<section class=\"elementor-section elementor-top-section elementor-element elementor-element-9a8b895 elementor-section-boxed elementor-section-height-default elementor-section-height-default\" data-id=\"9a8b895\" data-element_type=\"section\" data-e-type=\"section\">\n\t\t\t\t\t\t<div class=\"elementor-container elementor-column-gap-default\">\n\t\t\t\t\t<div class=\"elementor-column elementor-col-50 elementor-top-column elementor-element elementor-element-72632dd\" data-id=\"72632dd\" data-element_type=\"column\" data-e-type=\"column\">\n\t\t\t<div class=\"elementor-widget-wrap elementor-element-populated\">\n\t\t\t\t\t\t<div class=\"elementor-element elementor-element-9e29ed3 elementor-widget elementor-widget-image\" data-id=\"9e29ed3\" data-element_type=\"widget\" data-e-type=\"widget\" data-widget_type=\"image.default\">\n\t\t\t\t<div class=\"elementor-widget-container\">\n\t\t\t\t\t\t\t\t\t\t\t\t\t\t\t<img loading=\"lazy\" decoding=\"async\" width=\"605\" height=\"1024\" src=\"https:\/\/www.heimatbund-garching.de\/wp-content\/uploads\/2026\/08\/103_Galgensaeule_001-605x1024.jpg\" class=\"attachment-large size-large wp-image-2881\" alt=\"\" srcset=\"https:\/\/www.heimatbund-garching.de\/wp-content\/uploads\/2026\/08\/103_Galgensaeule_001-605x1024.jpg 605w, https:\/\/www.heimatbund-garching.de\/wp-content\/uploads\/2026\/08\/103_Galgensaeule_001-177x300.jpg 177w, https:\/\/www.heimatbund-garching.de\/wp-content\/uploads\/2026\/08\/103_Galgensaeule_001-768x1300.jpg 768w, https:\/\/www.heimatbund-garching.de\/wp-content\/uploads\/2026\/08\/103_Galgensaeule_001-907x1536.jpg 907w, https:\/\/www.heimatbund-garching.de\/wp-content\/uploads\/2026\/08\/103_Galgensaeule_001-1210x2048.jpg 1210w, https:\/\/www.heimatbund-garching.de\/wp-content\/uploads\/2026\/08\/103_Galgensaeule_001-scaled.jpg 1512w\" sizes=\"(max-width: 605px) 100vw, 605px\" \/>\t\t\t\t\t\t\t\t\t\t\t\t\t\t\t<\/div>\n\t\t\t\t<\/div>\n\t\t\t\t\t<\/div>\n\t\t<\/div>\n\t\t\t\t<div class=\"elementor-column elementor-col-50 elementor-top-column elementor-element elementor-element-91460ec\" data-id=\"91460ec\" data-element_type=\"column\" data-e-type=\"column\">\n\t\t\t<div class=\"elementor-widget-wrap elementor-element-populated\">\n\t\t\t\t\t\t<div class=\"elementor-element elementor-element-94438f6 elementor-widget elementor-widget-text-editor\" data-id=\"94438f6\" data-element_type=\"widget\" data-e-type=\"widget\" data-widget_type=\"text-editor.default\">\n\t\t\t\t<div class=\"elementor-widget-container\">\n\t\t\t\t\t\t\t\t\t<table width=\"1019\"><tbody><tr><td width=\"1019\"><h5>\u00a0<\/h5><h5 style=\"text-align: center;\"><span style=\"color: #000000;\">Galgens\u00e4ule<\/span><\/h5><p>Hirtnerstra\u00dfe 6 im Garten des Anwesens der Familie Hiermeier, an der Abzweigung der Stra\u00dfe gegen\u00fcber der Galgens\u00e4ule, die &#8222;An der Richtstatt&#8220; hei\u00dft. <br \/>Die Galgens\u00e4ule aus der Zeit zwischen 1277 und 1598 zur Erinnerung an die Walder Gerichtsbarkeit (Malefizgericht der Herrschaft Wald) steht seit Juli 1981 wieder an ihrem alten Platz, wo im Mittelalter Recht gesprochen und die gef\u00e4llten Urteile auch vollstreckt wurden. Sie wurde im \u00f6rtlichen Sprachgebrauch als Galgens\u00e4ule bezeichnet. Die S\u00e4ule selbst d\u00fcrfte Sch\u00e4tzungen zufolge aus dem 16. Jhdt. stammen. <br \/>Die S\u00e4ule verschwand vor\u00fcbergehend, als die Kreisstra\u00dfe Mitte der 70er neu trassiert wurde, wiedergefunden von Josef Huber in Halsbach und gegen einen \u00e4hnlichen Stein ausgetauscht.<br \/>Das Richteramt unterstand dem herzoglichen Pfleger als Vorstand im Gerichtswesen und in der Verwaltung. Beigegeben war ihm ein eigener Richter als Stellvertreter, der die Gerichsverhandlungen leitete und damit in der Hohen Gerichtsbarkeit (Malefizgericht) auch den Entscheid \u00fcber Leben und Tod hatte. Die Gerichtsst\u00e4tte &#8211; Hochgericht &#8211; stand am Ortsausgang des Dorfes Wald, an der Strassenabzweigung zur Lindachm\u00fchle.\u00a0<\/p><p>\u00a0<\/p><p>\u00a0<\/p><p>\u00a0<\/p><p>\u00a0<\/p><p>\u00a0<\/p><p>\u00a0<\/p><\/td><\/tr><\/tbody><\/table>\t\t\t\t\t\t\t\t<\/div>\n\t\t\t\t<\/div>\n\t\t\t\t\t<\/div>\n\t\t<\/div>\n\t\t\t\t\t<\/div>\n\t\t<\/section>\n\t\t\t\t<section class=\"elementor-section elementor-top-section elementor-element elementor-element-dd9fe2a elementor-section-boxed elementor-section-height-default elementor-section-height-default\" data-id=\"dd9fe2a\" data-element_type=\"section\" data-e-type=\"section\">\n\t\t\t\t\t\t<div class=\"elementor-container elementor-column-gap-default\">\n\t\t\t\t\t<div class=\"elementor-column elementor-col-50 elementor-top-column elementor-element elementor-element-6885c14\" data-id=\"6885c14\" data-element_type=\"column\" data-e-type=\"column\">\n\t\t\t<div class=\"elementor-widget-wrap elementor-element-populated\">\n\t\t\t\t\t\t<div class=\"elementor-element elementor-element-dc6e9b0 elementor-widget elementor-widget-image\" data-id=\"dc6e9b0\" data-element_type=\"widget\" data-e-type=\"widget\" data-widget_type=\"image.default\">\n\t\t\t\t<div class=\"elementor-widget-container\">\n\t\t\t\t\t\t\t\t\t\t\t\t\t\t\t<img loading=\"lazy\" decoding=\"async\" width=\"544\" height=\"1024\" src=\"https:\/\/www.heimatbund-garching.de\/wp-content\/uploads\/2026\/08\/041_Garching_Hirschsaeule_001-544x1024.jpg\" class=\"attachment-large size-large wp-image-2893\" alt=\"\" srcset=\"https:\/\/www.heimatbund-garching.de\/wp-content\/uploads\/2026\/08\/041_Garching_Hirschsaeule_001-544x1024.jpg 544w, https:\/\/www.heimatbund-garching.de\/wp-content\/uploads\/2026\/08\/041_Garching_Hirschsaeule_001-159x300.jpg 159w, https:\/\/www.heimatbund-garching.de\/wp-content\/uploads\/2026\/08\/041_Garching_Hirschsaeule_001-768x1445.jpg 768w, https:\/\/www.heimatbund-garching.de\/wp-content\/uploads\/2026\/08\/041_Garching_Hirschsaeule_001-816x1536.jpg 816w, https:\/\/www.heimatbund-garching.de\/wp-content\/uploads\/2026\/08\/041_Garching_Hirschsaeule_001-1089x2048.jpg 1089w, https:\/\/www.heimatbund-garching.de\/wp-content\/uploads\/2026\/08\/041_Garching_Hirschsaeule_001-scaled.jpg 1361w\" sizes=\"(max-width: 544px) 100vw, 544px\" \/>\t\t\t\t\t\t\t\t\t\t\t\t\t\t\t<\/div>\n\t\t\t\t<\/div>\n\t\t\t\t<div class=\"elementor-element elementor-element-64d3d7f elementor-widget elementor-widget-text-editor\" data-id=\"64d3d7f\" data-element_type=\"widget\" data-e-type=\"widget\" data-widget_type=\"text-editor.default\">\n\t\t\t\t<div class=\"elementor-widget-container\">\n\t\t\t\t\t\t\t\t\t<p><img loading=\"lazy\" decoding=\"async\" class=\"alignnone wp-image-2900 size-large\" src=\"https:\/\/www.heimatbund-garching.de\/wp-content\/uploads\/2026\/08\/Soiderer_Wegkreuz_043_002-661x1024.jpg\" alt=\"\" width=\"661\" height=\"1024\" srcset=\"https:\/\/www.heimatbund-garching.de\/wp-content\/uploads\/2026\/08\/Soiderer_Wegkreuz_043_002-661x1024.jpg 661w, https:\/\/www.heimatbund-garching.de\/wp-content\/uploads\/2026\/08\/Soiderer_Wegkreuz_043_002-194x300.jpg 194w, https:\/\/www.heimatbund-garching.de\/wp-content\/uploads\/2026\/08\/Soiderer_Wegkreuz_043_002-768x1190.jpg 768w, https:\/\/www.heimatbund-garching.de\/wp-content\/uploads\/2026\/08\/Soiderer_Wegkreuz_043_002-992x1536.jpg 992w, https:\/\/www.heimatbund-garching.de\/wp-content\/uploads\/2026\/08\/Soiderer_Wegkreuz_043_002-1322x2048.jpg 1322w, https:\/\/www.heimatbund-garching.de\/wp-content\/uploads\/2026\/08\/Soiderer_Wegkreuz_043_002-scaled.jpg 1653w\" sizes=\"(max-width: 661px) 100vw, 661px\" \/><\/p>\t\t\t\t\t\t\t\t<\/div>\n\t\t\t\t<\/div>\n\t\t\t\t\t<\/div>\n\t\t<\/div>\n\t\t\t\t<div class=\"elementor-column elementor-col-50 elementor-top-column elementor-element elementor-element-31d09ae\" data-id=\"31d09ae\" data-element_type=\"column\" data-e-type=\"column\">\n\t\t\t<div class=\"elementor-widget-wrap elementor-element-populated\">\n\t\t\t\t\t\t<div class=\"elementor-element elementor-element-2009ff2 elementor-widget elementor-widget-text-editor\" data-id=\"2009ff2\" data-element_type=\"widget\" data-e-type=\"widget\" data-widget_type=\"text-editor.default\">\n\t\t\t\t<div class=\"elementor-widget-container\">\n\t\t\t\t\t\t\t\t\t<h5 style=\"text-align: center;\">\u00a0<\/h5><h5 style=\"text-align: center;\"><span style=\"color: #000000;\"><strong>Hirschs\u00e4ule im Hartwald<\/strong><\/span><\/h5><p>Inmitten des Hartwaldes, wo H\u00fctweg und Finkenweg sich kreuzen, steht ein Steinmal mit Nische. \u00dcber seine Entstehung und das Alter gibt es keine genauen Angaben. \u00dcberliefert sind uns zwei Erz\u00e4hlungen: <br \/>Der Name Hirschs\u00e4ule l\u00e4sst an die Grafen von Wald denken, die hier vielleicht ein Jagdabenteuer mit gl\u00fccklichem Ausgang bestanden.<br \/>Der Name Staches\u00e4ule weist auf St. Eustachius hin, dem ein wei\u00dfer Hirsch mit einem Kreuz zwischen dem Geweih erschien.<br \/>Die neue Bildtafel wurde im Sommer 2009 angebracht. Es handelt sich um eine Tafel mit Folienbild.<br \/>Die Originaltafel wurde von Hermann Obele, Alt\u00f6tting, im Sommer 2009 angefertigt, sie befindet sich im Museumsarchiv. <br \/>Bis in die j\u00fcngste Vergangenheit werden die Darstellungen in der S\u00e4ulennische immer wieder besch\u00e4digt. Eine ausf\u00fchrliche Dokumentation hierzu findet sich im Archiv des Heimatbundes Garching.\u00a0<\/p><p>\u00a0<\/p><p>\u00a0<\/p><p>\u00a0<\/p><p>\u00a0<\/p><p>\u00a0<\/p><p>\u00a0<\/p><p>\u00a0<\/p><p>\u00a0<\/p><p>\u00a0<\/p><hr \/>\t\t\t\t\t\t\t\t<\/div>\n\t\t\t\t<\/div>\n\t\t\t\t<div class=\"elementor-element elementor-element-06904f6 elementor-widget elementor-widget-text-editor\" data-id=\"06904f6\" data-element_type=\"widget\" data-e-type=\"widget\" data-widget_type=\"text-editor.default\">\n\t\t\t\t<div class=\"elementor-widget-container\">\n\t\t\t\t\t\t\t\t\t<table width=\"1019\"><tbody><tr><td width=\"1019\"><h5>\u00a0<\/h5><h5>\u00a0<\/h5><h5 style=\"text-align: center;\"><span style=\"color: #000000;\"><strong>Wegkreuz Soiderer<\/strong><\/span><\/h5><p>\u00a0<\/p><p>Wegkreuz 20 m vor der Alzbr\u00fccke Richtung Wald direkt neben der Stra\u00dfe,<br \/>errichtet im Mai 1963 aus Anlass der Mission St. Nikolaus. Die Auftraggeberin war Frau Soiderer, die dem in der familieneigenen Schreinerei besch\u00e4ftigten Leonhard Seeler die Anfertigung des Kreuzes \u00fcbertrug. Der Corpus wurde vom damaligen Garchinger Pfarrer H. H. Bayerl aus Tirol beschafft. In der N\u00e4he von Schwatz fand er diese wunderbare Christusfigur, die mindestens 300 Jahre alt ist. Er bezahlte 300 DM daf\u00fcr. Zum Abschluss der seinerzeitigen Mission zogen die Gl\u00e4ubigen in einer Lichterprozession von der Garchinger Pfarrkirche aus zu diesem Kreuz, das daraufhin geweiht wurde. <br \/>Weil der &#8222;Zahn der Zeit&#8220;\u00a0 an diesem Kreuz genagt hatte, tat sich Paul Maier mit Leonhard Seeler zusammen, um es wieder instand zu setzen (1981). P. Maier restaurierte den Corpus von Grund auf und erneuerte dessen Farbgebung in der urspr\u00fcnglichen Art. So steht dieses Denkmal der Menschenliebe Christi wieder in neuem Glanz an der Stelle, an der es errichtet wurde und mahnt die Vor\u00fcbergehenden zur stillen Besinnung. <br \/>Im Fr\u00fchjahr 1996 beauftragte Charlie Soiderer den Heimatbund, das Kreuz wieder zu erneuern. Kirchenmaler St\u00f6hr wurde mit der Neufassung <span style=\"font-family: inherit; font-size: inherit;\">der Christusfigur beauftragt. Es wurde am 24.9.1997 versehen mit kirchlichem Segen wieder aufgestellt.<\/span><\/p><p>\u00a0<\/p><p>\u00a0<\/p><\/td><\/tr><\/tbody><\/table><p>\u00a0<\/p>\t\t\t\t\t\t\t\t<\/div>\n\t\t\t\t<\/div>\n\t\t\t\t\t<\/div>\n\t\t<\/div>\n\t\t\t\t\t<\/div>\n\t\t<\/section>\n\t\t\t\t<section class=\"elementor-section elementor-top-section elementor-element elementor-element-c963a7a elementor-section-boxed elementor-section-height-default elementor-section-height-default\" data-id=\"c963a7a\" data-element_type=\"section\" data-e-type=\"section\">\n\t\t\t\t\t\t<div class=\"elementor-container elementor-column-gap-default\">\n\t\t\t\t\t<div class=\"elementor-column elementor-col-50 elementor-top-column elementor-element elementor-element-91a10ac\" data-id=\"91a10ac\" data-element_type=\"column\" data-e-type=\"column\">\n\t\t\t<div class=\"elementor-widget-wrap elementor-element-populated\">\n\t\t\t\t\t\t<div class=\"elementor-element elementor-element-1d4e859 elementor-widget elementor-widget-image\" data-id=\"1d4e859\" data-element_type=\"widget\" data-e-type=\"widget\" data-widget_type=\"image.default\">\n\t\t\t\t<div class=\"elementor-widget-container\">\n\t\t\t\t\t\t\t\t\t\t\t\t\t\t\t<img loading=\"lazy\" decoding=\"async\" width=\"924\" height=\"1024\" src=\"https:\/\/www.heimatbund-garching.de\/wp-content\/uploads\/2026\/08\/023_Kaindl_Bildstock_Langschwert_002-924x1024.jpg\" class=\"attachment-large size-large wp-image-2905\" alt=\"\" srcset=\"https:\/\/www.heimatbund-garching.de\/wp-content\/uploads\/2026\/08\/023_Kaindl_Bildstock_Langschwert_002-924x1024.jpg 924w, https:\/\/www.heimatbund-garching.de\/wp-content\/uploads\/2026\/08\/023_Kaindl_Bildstock_Langschwert_002-271x300.jpg 271w, https:\/\/www.heimatbund-garching.de\/wp-content\/uploads\/2026\/08\/023_Kaindl_Bildstock_Langschwert_002-768x851.jpg 768w, https:\/\/www.heimatbund-garching.de\/wp-content\/uploads\/2026\/08\/023_Kaindl_Bildstock_Langschwert_002-1386x1536.jpg 1386w, https:\/\/www.heimatbund-garching.de\/wp-content\/uploads\/2026\/08\/023_Kaindl_Bildstock_Langschwert_002-1848x2048.jpg 1848w\" sizes=\"(max-width: 924px) 100vw, 924px\" \/>\t\t\t\t\t\t\t\t\t\t\t\t\t\t\t<\/div>\n\t\t\t\t<\/div>\n\t\t\t\t\t<\/div>\n\t\t<\/div>\n\t\t\t\t<div class=\"elementor-column elementor-col-50 elementor-top-column elementor-element elementor-element-1dddce1\" data-id=\"1dddce1\" data-element_type=\"column\" data-e-type=\"column\">\n\t\t\t<div class=\"elementor-widget-wrap elementor-element-populated\">\n\t\t\t\t\t\t<div class=\"elementor-element elementor-element-fdbc581 elementor-widget elementor-widget-text-editor\" data-id=\"fdbc581\" data-element_type=\"widget\" data-e-type=\"widget\" data-widget_type=\"text-editor.default\">\n\t\t\t\t<div class=\"elementor-widget-container\">\n\t\t\t\t\t\t\t\t\t<h5>\u00a0<\/h5><h5>\u00a0<\/h5><h5 style=\"text-align: center;\"><span style=\"color: #000000;\"><strong>Bildstock Langschwert\/Winkelhart<\/strong><\/span><\/h5><p>Errichtet an Stelle der Langschwert Kapelle, die bei einem Unfall 1968 zerst\u00f6rt und vor\u00fcbergehend durch ein eisernes Kreuz ersetzt wurde. Eine alte Votivtafel aus der Kapelle h\u00e4ngt im Hausgang von Michael Perschl. 1986 nach einem Werkplan von Peter Arnold erbaut: in die Nische kam eine mit \u00d6lfarben gemalte Nachbildung der alten Votivtafel nach Entwurf von Paul Maier, gemalt von dem Vietnamesen To van Phuoc. Auf der alten Tafel sind abgebildet: Schmerzensmann, zur Seite St. Andreas und die B\u00fc\u00dferin Maria Magdalena mit Salbgef\u00e4\u00df, Stifterpaar in b\u00e4uerlicher Tracht. Fegefeuer. Text: Vernehmt es und glaubt es ihr Christen, die ihr das Reich Gottes begehrt. Erbarmen wird finden wer Hilfe den leidenden Seelen gew\u00e4hrt. Vater unser und Ave Maria Renoviert 1884<\/p><p>Die neue Tafel zeigt in \u00e4hnlicher Darstellung diese Motive nur ohne St. Andreas und Maria Magdalena. Im Oktober 1986 wurde vom Landratsamt Alt\u00f6tting eine Linde gepflanzt, der Bildstock verputzt und gewei\u00dfelt. Eingeweiht wurde der Bildstock am Freitag, 9. Juni 1988, zusammen mit der Feldkapelle in \u00d6d.\u00a0<\/p><hr \/><p>\u00a0<\/p>\t\t\t\t\t\t\t\t<\/div>\n\t\t\t\t<\/div>\n\t\t\t\t\t<\/div>\n\t\t<\/div>\n\t\t\t\t\t<\/div>\n\t\t<\/section>\n\t\t\t\t<section class=\"elementor-section elementor-top-section elementor-element elementor-element-0b9c125 elementor-section-boxed elementor-section-height-default elementor-section-height-default\" data-id=\"0b9c125\" data-element_type=\"section\" data-e-type=\"section\">\n\t\t\t\t\t\t<div class=\"elementor-container elementor-column-gap-default\">\n\t\t\t\t\t<div class=\"elementor-column elementor-col-50 elementor-top-column elementor-element elementor-element-72f5d99\" data-id=\"72f5d99\" data-element_type=\"column\" data-e-type=\"column\">\n\t\t\t<div class=\"elementor-widget-wrap elementor-element-populated\">\n\t\t\t\t\t\t<div class=\"elementor-element elementor-element-bf72f3d elementor-widget elementor-widget-image\" data-id=\"bf72f3d\" data-element_type=\"widget\" data-e-type=\"widget\" data-widget_type=\"image.default\">\n\t\t\t\t<div class=\"elementor-widget-container\">\n\t\t\t\t\t\t\t\t\t\t\t\t\t\t\t<img loading=\"lazy\" decoding=\"async\" width=\"489\" height=\"1024\" src=\"https:\/\/www.heimatbund-garching.de\/wp-content\/uploads\/2026\/08\/028_Mauerberg_001-489x1024.jpg\" class=\"attachment-large size-large wp-image-2913\" alt=\"\" srcset=\"https:\/\/www.heimatbund-garching.de\/wp-content\/uploads\/2026\/08\/028_Mauerberg_001-489x1024.jpg 489w, https:\/\/www.heimatbund-garching.de\/wp-content\/uploads\/2026\/08\/028_Mauerberg_001-143x300.jpg 143w, https:\/\/www.heimatbund-garching.de\/wp-content\/uploads\/2026\/08\/028_Mauerberg_001-768x1608.jpg 768w, https:\/\/www.heimatbund-garching.de\/wp-content\/uploads\/2026\/08\/028_Mauerberg_001-733x1536.jpg 733w, https:\/\/www.heimatbund-garching.de\/wp-content\/uploads\/2026\/08\/028_Mauerberg_001-978x2048.jpg 978w, https:\/\/www.heimatbund-garching.de\/wp-content\/uploads\/2026\/08\/028_Mauerberg_001-scaled.jpg 1222w\" sizes=\"(max-width: 489px) 100vw, 489px\" \/>\t\t\t\t\t\t\t\t\t\t\t\t\t\t\t<\/div>\n\t\t\t\t<\/div>\n\t\t\t\t\t<\/div>\n\t\t<\/div>\n\t\t\t\t<div class=\"elementor-column elementor-col-50 elementor-top-column elementor-element elementor-element-1fdb662\" data-id=\"1fdb662\" data-element_type=\"column\" data-e-type=\"column\">\n\t\t\t<div class=\"elementor-widget-wrap elementor-element-populated\">\n\t\t\t\t\t\t<div class=\"elementor-element elementor-element-80f7153 elementor-widget elementor-widget-text-editor\" data-id=\"80f7153\" data-element_type=\"widget\" data-e-type=\"widget\" data-widget_type=\"text-editor.default\">\n\t\t\t\t<div class=\"elementor-widget-container\">\n\t\t\t\t\t\t\t\t\t<table width=\"1019\"><tbody><tr><td width=\"1019\"><h5 style=\"text-align: center;\"><span style=\"color: #000000;\"><strong>Gedenks<span style=\"font-family: inherit; font-size: inherit;\">tein Osl<\/span><\/strong><\/span><\/h5><p>an der alten Stra\u00dfe nach der Bahnunterf\u00fchrung 100 m rechts.<\/p><p>An der Brandlleite ist dem verungl\u00fcckten Gastwirtsurahnen Osl von Mauerberg dieser Gedenkstein errichtet. Der 1931 verstorbene Gastwirt Josef Osl erz\u00e4hlte dazu folgende Geschichte:<br \/>&#8222;Ich war damals ungef\u00e4hr 10 Jahre alt und h\u00fctete auf dem H\u00fcgel zum Brandlanwesen die Schafe. Auf einmal trat der eigentliche H\u00fcter, der bei den Erntearbeiten mitgeholfen hatte, zu mir und erkl\u00e4rte, dass er beauftragt sei mich abzul\u00f6sen. Es erschien mir dies h\u00f6chst sonderbar, jedoch verlor ich dies wieder rasch aus dem Ged\u00e4chtnis und ging ahnungslos nach Hause. Weiter unten sah ich eine Gruppe von Dienstboten beisammen stehen, die irgendwas Wichtiges besprachen. Ich trat auch herzu aus Neugierde, und die Unterhaltung verstummte in meiner Gegenwart sofort, und ich konnte den Grund des Geheimnisses nicht erfahren. Etwas beunruhigter trat ich den Heimweg an, und da wurde mir beim Eintritt in das Kinderzimmer die Situation klar. Ich fand meinen Vater auf das Sofa gebettet vor und merkte, dass es schlimm um ihn stand. Er gab zwar immer noch Zeichen mit den H\u00e4nden von sich, konnte sich aber nicht mehr verst\u00e4ndlich machen, und bald gab er seinen Geist auf. Bis die Mutter, die nach Engelsberg gefahren war, zur\u00fcckkehrte, brannten bereits die Totenkerzen. <br \/>Hernach erfuhr ich folgenden Augenzeugenbericht \u00fcber den Unfall: Eine Fuhr Weizen war soeben aufgeladen worden, und der Vater sollte nach altem Herkommen das Gespann bedienen. Pl\u00f6tzlich scheuten die Pferde und gingen durch. Die Stra\u00dfe ging seinerzeit vor dem Bahnbau von der Brandlleite zum Wirtsanwesen. Die Spuren dieser alten Stra\u00dfe sind heute noch bei den Zypressenb\u00e4umen zu sehen. Der Vater kam unter den Wagen und wurde eine Strecke geschleift. Bis ein Knecht zu Hilfe eilen konnte, war das gro\u00dfe Ungl\u00fcck bereits geschehen. Der Vater wurde nach Hause getragen und auf das Sofa gebettet, wo er im Alter von 45 Jahren die letzte Stunde erwartete. Solches trug sich zu am 2. August 1884, nachmittags 4 Uhr, wie aus der Inschrift im Gedenkstein zu lesen ist.&#8220;<\/p><p>\u00a0<\/p><p>\u00a0<\/p><\/td><\/tr><\/tbody><\/table><p>\u00a0<\/p>\t\t\t\t\t\t\t\t<\/div>\n\t\t\t\t<\/div>\n\t\t\t\t\t<\/div>\n\t\t<\/div>\n\t\t\t\t\t<\/div>\n\t\t<\/section>\n\t\t\t\t<section class=\"elementor-section elementor-top-section elementor-element elementor-element-da554f9 elementor-section-boxed elementor-section-height-default elementor-section-height-default\" data-id=\"da554f9\" data-element_type=\"section\" data-e-type=\"section\">\n\t\t\t\t\t\t<div class=\"elementor-container elementor-column-gap-default\">\n\t\t\t\t\t<div class=\"elementor-column elementor-col-50 elementor-top-column elementor-element elementor-element-daf6864\" data-id=\"daf6864\" data-element_type=\"column\" data-e-type=\"column\">\n\t\t\t<div class=\"elementor-widget-wrap elementor-element-populated\">\n\t\t\t\t\t\t<div class=\"elementor-element elementor-element-6d8c805 elementor-widget elementor-widget-image\" data-id=\"6d8c805\" data-element_type=\"widget\" data-e-type=\"widget\" data-widget_type=\"image.default\">\n\t\t\t\t<div class=\"elementor-widget-container\">\n\t\t\t\t\t\t\t\t\t\t\t\t\t\t\t<img loading=\"lazy\" decoding=\"async\" width=\"768\" height=\"1024\" src=\"https:\/\/www.heimatbund-garching.de\/wp-content\/uploads\/2026\/08\/40_Garching_Marienkapelle_002-768x1024.jpg\" class=\"attachment-large size-large wp-image-2921\" alt=\"\" srcset=\"https:\/\/www.heimatbund-garching.de\/wp-content\/uploads\/2026\/08\/40_Garching_Marienkapelle_002-768x1024.jpg 768w, https:\/\/www.heimatbund-garching.de\/wp-content\/uploads\/2026\/08\/40_Garching_Marienkapelle_002-225x300.jpg 225w, https:\/\/www.heimatbund-garching.de\/wp-content\/uploads\/2026\/08\/40_Garching_Marienkapelle_002-1152x1536.jpg 1152w, https:\/\/www.heimatbund-garching.de\/wp-content\/uploads\/2026\/08\/40_Garching_Marienkapelle_002.jpg 1200w\" sizes=\"(max-width: 768px) 100vw, 768px\" \/>\t\t\t\t\t\t\t\t\t\t\t\t\t\t\t<\/div>\n\t\t\t\t<\/div>\n\t\t\t\t\t<\/div>\n\t\t<\/div>\n\t\t\t\t<div class=\"elementor-column elementor-col-50 elementor-top-column elementor-element elementor-element-54dc194\" data-id=\"54dc194\" data-element_type=\"column\" data-e-type=\"column\">\n\t\t\t<div class=\"elementor-widget-wrap elementor-element-populated\">\n\t\t\t\t\t\t<div class=\"elementor-element elementor-element-8fcad58 elementor-widget elementor-widget-text-editor\" data-id=\"8fcad58\" data-element_type=\"widget\" data-e-type=\"widget\" data-widget_type=\"text-editor.default\">\n\t\t\t\t<div class=\"elementor-widget-container\">\n\t\t\t\t\t\t\t\t\t<h5 style=\"text-align: center;\"><span style=\"color: #000000;\"><strong>Batschkakapelle (Marienkapelle)\u00a0<\/strong><\/span><\/h5><p>Am Mitterweg, Ecke Waldweg errichtet: Erinnert an das schmerzliche Geschehen der Vertreibung der donauschw\u00e4bischen Bev\u00f6lkerung am Ende des Zweiten Weltkriegs. Ein unbehauener 90 cm hoher Findling rechts des Zugangs zur Marienkapelle dr\u00fcckt auf einer Inschrifttafel den Sinn des Bauwerkes aus: &#8222;&#8220;GEDENKEN \/ AN \/ KRIEG UND VERTREIBUNG \/ MAHNUNG \/ F\u00dcR FRIEDEN UND VERS\u00d6HNUNG \/ 1945 &#8211; 8. MAI 1995 \/ DIE DEUTSCHEN HEIMATVERTRIEBENEN&#8220;&#8220; <br \/>Der Stein wurde anl\u00e4sslich einer Maiandacht 1995 aufgestellt. Gleichzeitig wurde auch die Inschrift \u00fcber dem Gitterbogen an der Kapelle nachgetragen: <br \/>&#8222;&#8220;19 * AVE MARIA * 89 &#8222;&#8220;. <br \/>Marienfigur von dem Hobbyschnitzer Josef Huber, Hart<br \/>Die Kapelle soll uns nach dem Willen der Erbauer, der Donauschw\u00e4bischen und Braunauer Heimatgruppen, an die Vertreibung erinnern, aber auch mahnen zum Gewaltverzicht und zum Frieden in Europa und der Welt. <br \/>Entwurf: Alois Stockner, Planung A. Holzmann 1988<br \/>Einweihung im Mai 1989 mit Ehrengast Otto von Habsburg (Abgeordneter im Europaparlament und Nachkomme des letzten Kaisers von \u00d6sterreich) durch Kurat Peter Hullermann und Pfarrer Wallner.\u00a0<\/p><p>\u00a0<\/p><p>\u00a0<\/p><p>\u00a0<\/p><hr \/>\t\t\t\t\t\t\t\t<\/div>\n\t\t\t\t<\/div>\n\t\t\t\t\t<\/div>\n\t\t<\/div>\n\t\t\t\t\t<\/div>\n\t\t<\/section>\n\t\t\t\t<section class=\"elementor-section elementor-top-section elementor-element elementor-element-8131f62 elementor-section-boxed elementor-section-height-default elementor-section-height-default\" data-id=\"8131f62\" data-element_type=\"section\" data-e-type=\"section\">\n\t\t\t\t\t\t<div class=\"elementor-container elementor-column-gap-default\">\n\t\t\t\t\t<div class=\"elementor-column elementor-col-50 elementor-top-column elementor-element elementor-element-44c347c\" data-id=\"44c347c\" data-element_type=\"column\" data-e-type=\"column\">\n\t\t\t<div class=\"elementor-widget-wrap elementor-element-populated\">\n\t\t\t\t\t\t<div class=\"elementor-element elementor-element-60c0822 elementor-widget elementor-widget-image\" data-id=\"60c0822\" data-element_type=\"widget\" data-e-type=\"widget\" data-widget_type=\"image.default\">\n\t\t\t\t<div class=\"elementor-widget-container\">\n\t\t\t\t\t\t\t\t\t\t\t\t\t\t\t<img loading=\"lazy\" decoding=\"async\" width=\"768\" height=\"1024\" src=\"https:\/\/www.heimatbund-garching.de\/wp-content\/uploads\/2026\/08\/020_Zellhub_005-768x1024.jpg\" class=\"attachment-large size-large wp-image-2935\" alt=\"\" srcset=\"https:\/\/www.heimatbund-garching.de\/wp-content\/uploads\/2026\/08\/020_Zellhub_005-768x1024.jpg 768w, https:\/\/www.heimatbund-garching.de\/wp-content\/uploads\/2026\/08\/020_Zellhub_005-225x300.jpg 225w, https:\/\/www.heimatbund-garching.de\/wp-content\/uploads\/2026\/08\/020_Zellhub_005-1152x1536.jpg 1152w, https:\/\/www.heimatbund-garching.de\/wp-content\/uploads\/2026\/08\/020_Zellhub_005-1536x2048.jpg 1536w, https:\/\/www.heimatbund-garching.de\/wp-content\/uploads\/2026\/08\/020_Zellhub_005-scaled.jpg 1920w\" sizes=\"(max-width: 768px) 100vw, 768px\" \/>\t\t\t\t\t\t\t\t\t\t\t\t\t\t\t<\/div>\n\t\t\t\t<\/div>\n\t\t\t\t\t<\/div>\n\t\t<\/div>\n\t\t\t\t<div class=\"elementor-column elementor-col-50 elementor-top-column elementor-element elementor-element-18caf6c\" data-id=\"18caf6c\" data-element_type=\"column\" data-e-type=\"column\">\n\t\t\t<div class=\"elementor-widget-wrap elementor-element-populated\">\n\t\t\t\t\t\t<div class=\"elementor-element elementor-element-8ed2f15 elementor-widget elementor-widget-text-editor\" data-id=\"8ed2f15\" data-element_type=\"widget\" data-e-type=\"widget\" data-widget_type=\"text-editor.default\">\n\t\t\t\t<div class=\"elementor-widget-container\">\n\t\t\t\t\t\t\t\t\t<p>\u00a0<\/p><table width=\"1019\"><tbody><tr><td width=\"1019\"><p>\u00a0<\/p><h5 style=\"text-align: center;\"><span style=\"color: #000000;\"><strong>Marienkapelle Zeilhub<\/strong><\/span><\/h5><p>An der Stra\u00dfe, die vom Brandl her zum Weiler f\u00fchrt.<br \/>Der verstorbene Hofbesitzer Josef Endfellner in Zeilhub hatte keine leiblichen Nachkommen. Aus diesem Grunde adoptierte er 1981 das damalige Kind Christa Buchner aus A\u00d6. Sie \u00fcbernahm den Hof, als Josef Endfellner 1995 starb.<br \/>Der Jungbauer (Karl J\u00e4ger) gelobte damals, wenn seine Kinder gesund zur Welt k\u00e4men, als Dank eine Kapelle zu bauen. Nachdem dieses in Erf\u00fcllung ging, hat er 1990 angefangen sein Gel\u00fcbde in die Tat umzusetzen.<br \/>Die Kapelle steht in Ost-West Richtung und schlie\u00dft mit einer halbrunden Apsis ab. In der Nische steht eine rot und blau gefasste Madonna aus Holz, erworben in der Wachszieherei Mayer in A\u00d6. Daneben ein h\u00f6lzerner St. Florian. Die Nische ist von einem sch\u00f6n verzierten Gitter &#8211; gefertigt von Walter Czech aus Unterneukirchen &#8211; abgeschlossen. Im Gitter sind die Initialen C f\u00fcr Christa K f\u00fcr Karl eingearbeitet. Die Hintergrundbemalung wurde als Landschaft ausgef\u00fchrt. 1992 war die Kapelle fertig und vervollst\u00e4ndigt nun den sch\u00f6nen Vierseithof von Zeilhub.<\/p><p>\u00a0<\/p><p>\u00a0<\/p><p>\u00a0<\/p><\/td><\/tr><\/tbody><\/table>\t\t\t\t\t\t\t\t<\/div>\n\t\t\t\t<\/div>\n\t\t\t\t\t<\/div>\n\t\t<\/div>\n\t\t\t\t\t<\/div>\n\t\t<\/section>\n\t\t\t\t<section class=\"elementor-section elementor-top-section elementor-element elementor-element-90cd553 elementor-section-boxed elementor-section-height-default elementor-section-height-default\" data-id=\"90cd553\" data-element_type=\"section\" data-e-type=\"section\">\n\t\t\t\t\t\t<div class=\"elementor-container elementor-column-gap-default\">\n\t\t\t\t\t<div class=\"elementor-column elementor-col-50 elementor-top-column elementor-element elementor-element-2c8445a\" data-id=\"2c8445a\" data-element_type=\"column\" data-e-type=\"column\">\n\t\t\t<div class=\"elementor-widget-wrap elementor-element-populated\">\n\t\t\t\t\t\t<div class=\"elementor-element elementor-element-ac51d24 elementor-widget elementor-widget-image\" data-id=\"ac51d24\" data-element_type=\"widget\" data-e-type=\"widget\" data-widget_type=\"image.default\">\n\t\t\t\t<div class=\"elementor-widget-container\">\n\t\t\t\t\t\t\t\t\t\t\t\t\t\t\t<img loading=\"lazy\" decoding=\"async\" width=\"532\" height=\"1024\" src=\"https:\/\/www.heimatbund-garching.de\/wp-content\/uploads\/2026\/08\/032_Unterhub_001-532x1024.jpg\" class=\"attachment-large size-large wp-image-2942\" alt=\"\" srcset=\"https:\/\/www.heimatbund-garching.de\/wp-content\/uploads\/2026\/08\/032_Unterhub_001-532x1024.jpg 532w, https:\/\/www.heimatbund-garching.de\/wp-content\/uploads\/2026\/08\/032_Unterhub_001-156x300.jpg 156w, https:\/\/www.heimatbund-garching.de\/wp-content\/uploads\/2026\/08\/032_Unterhub_001-768x1478.jpg 768w, https:\/\/www.heimatbund-garching.de\/wp-content\/uploads\/2026\/08\/032_Unterhub_001-798x1536.jpg 798w, https:\/\/www.heimatbund-garching.de\/wp-content\/uploads\/2026\/08\/032_Unterhub_001-1064x2048.jpg 1064w, https:\/\/www.heimatbund-garching.de\/wp-content\/uploads\/2026\/08\/032_Unterhub_001-scaled.jpg 1330w\" sizes=\"(max-width: 532px) 100vw, 532px\" \/>\t\t\t\t\t\t\t\t\t\t\t\t\t\t\t<\/div>\n\t\t\t\t<\/div>\n\t\t\t\t\t<\/div>\n\t\t<\/div>\n\t\t\t\t<div class=\"elementor-column elementor-col-50 elementor-top-column elementor-element elementor-element-4f9530b\" data-id=\"4f9530b\" data-element_type=\"column\" data-e-type=\"column\">\n\t\t\t<div class=\"elementor-widget-wrap elementor-element-populated\">\n\t\t\t\t\t\t<div class=\"elementor-element elementor-element-08b8341 elementor-widget elementor-widget-text-editor\" data-id=\"08b8341\" data-element_type=\"widget\" data-e-type=\"widget\" data-widget_type=\"text-editor.default\">\n\t\t\t\t<div class=\"elementor-widget-container\">\n\t\t\t\t\t\t\t\t\t<p>\u00a0<\/p><h5 style=\"text-align: center;\"><span style=\"color: #000000;\"><strong>Feldkapelle Tonihub (=Unterhub 68)<\/strong><\/span><\/h5><table width=\"1019\"><tbody><tr><td width=\"1019\"><p>erbaut von Helmut Unterstein 1977, eingeweiht v. H. H. Pfr. Reinwald am 7. 9. 1978<br \/>Eine alte, sehr sch\u00f6n gemauerte und verputzte Feldkapelle war die Vorg\u00e4ngerin dieses Neubaus. Sie stand direkt an der Ecke des Grundst\u00fcckes, und so manches Ochsen- und Pferdegespann und auch sp\u00e4ter der Traktor kratzten die Kurve und nagten somit am Leben dieser Kapelle. <br \/>Maria Unterstein erg\u00e4nzt dazu am 31.8.1989:\u00a0 Die Kapelle wurde 1974 bis auf das Votivbild gepl\u00fcndert (gestohlen wurden Gipsmadonna und Gipsengel) und teilweise zerst\u00f6rt.<br \/>Als man sie 1976 restaurieren wollte, erwies sie sich als bauf\u00e4llig. Sie stammte ungef\u00e4hr aus den Jahren 1812 &#8211; 1837 und erinnert in iher Bauweise an die Lex-Kapelle, die ebenfalls in dieser Zeit errichtet wurde. Auch das in der Nische h\u00e4ngende Bild mit den 14 Nothelfern \u00e4hnelt deren Ausstattung.<br \/>Erbaut zum Dank f\u00fcr gl\u00fcckliche R\u00fcckkehr aus demRussland Feldzug (Napoleon 1812).<br \/>Die in der alten Kapelle aufgestellte Bildtafel aus Holz mit der Darstellung der 14 Nothelfer (in fr\u00fcher Zeit von Josef Dirscherl \u00fcbermalt) ist jetzt im Haus der Familie<br \/>Unterstein untergebracht. <br \/>Die Inschrift rechts unten lautet:<br \/>&#8222;Im Jahre 1812 hatten \/ Die Unterhuber Ehe- \/ leute diese Tafel \/ erneuern lassen \/ in Ehren der 14 \/ Nothelfer, und der Armen Seelen \/ im Fegefeuer.&#8220;<br \/>Eine ungef\u00e4hre Nachbildung der alten Tafel schuf 1989 der Vietnamfl\u00fcchtling To von Phuoc aus M\u00fcnchen, ehemals im Pfarrhof Engelsberg einquartiert (1979). Nachdem auf der alten Tafel Einzelheiten schon schwer ersichtlich sind, gelang es ihm gut, die 14 Nothelfer neu zu malen. Die Tafel wird anstelle der Marienfigur in der Kapelle aufgestellt.\u00a0 (25. 6. 89)\u00a0<\/p><p>\u00a0<\/p><p>\u00a0<\/p><p>\u00a0<\/p><p>\u00a0<\/p><p>\u00a0<\/p><\/td><\/tr><\/tbody><\/table><p>\u00a0<\/p>\t\t\t\t\t\t\t\t<\/div>\n\t\t\t\t<\/div>\n\t\t\t\t\t<\/div>\n\t\t<\/div>\n\t\t\t\t\t<\/div>\n\t\t<\/section>\n\t\t\t\t<section class=\"elementor-section elementor-top-section elementor-element elementor-element-9914f3e elementor-section-boxed elementor-section-height-default elementor-section-height-default\" data-id=\"9914f3e\" data-element_type=\"section\" data-e-type=\"section\">\n\t\t\t\t\t\t<div class=\"elementor-container elementor-column-gap-default\">\n\t\t\t\t\t<div class=\"elementor-column elementor-col-50 elementor-top-column elementor-element elementor-element-a1a0d27\" data-id=\"a1a0d27\" data-element_type=\"column\" data-e-type=\"column\">\n\t\t\t<div class=\"elementor-widget-wrap elementor-element-populated\">\n\t\t\t\t\t\t<div class=\"elementor-element elementor-element-50c42cd elementor-widget elementor-widget-image\" data-id=\"50c42cd\" data-element_type=\"widget\" data-e-type=\"widget\" data-widget_type=\"image.default\">\n\t\t\t\t<div class=\"elementor-widget-container\">\n\t\t\t\t\t\t\t\t\t\t\t\t\t\t\t<img loading=\"lazy\" decoding=\"async\" width=\"481\" height=\"1024\" src=\"https:\/\/www.heimatbund-garching.de\/wp-content\/uploads\/2026\/08\/004_Bruck_Kurzkreuz_001-481x1024.jpg\" class=\"attachment-large size-large wp-image-2956\" alt=\"\" srcset=\"https:\/\/www.heimatbund-garching.de\/wp-content\/uploads\/2026\/08\/004_Bruck_Kurzkreuz_001-481x1024.jpg 481w, https:\/\/www.heimatbund-garching.de\/wp-content\/uploads\/2026\/08\/004_Bruck_Kurzkreuz_001-141x300.jpg 141w, https:\/\/www.heimatbund-garching.de\/wp-content\/uploads\/2026\/08\/004_Bruck_Kurzkreuz_001-768x1636.jpg 768w, https:\/\/www.heimatbund-garching.de\/wp-content\/uploads\/2026\/08\/004_Bruck_Kurzkreuz_001-721x1536.jpg 721w, https:\/\/www.heimatbund-garching.de\/wp-content\/uploads\/2026\/08\/004_Bruck_Kurzkreuz_001-962x2048.jpg 962w, https:\/\/www.heimatbund-garching.de\/wp-content\/uploads\/2026\/08\/004_Bruck_Kurzkreuz_001-scaled.jpg 1202w\" sizes=\"(max-width: 481px) 100vw, 481px\" \/>\t\t\t\t\t\t\t\t\t\t\t\t\t\t\t<\/div>\n\t\t\t\t<\/div>\n\t\t\t\t\t<\/div>\n\t\t<\/div>\n\t\t\t\t<div class=\"elementor-column elementor-col-50 elementor-top-column elementor-element elementor-element-cd96530\" data-id=\"cd96530\" data-element_type=\"column\" data-e-type=\"column\">\n\t\t\t<div class=\"elementor-widget-wrap elementor-element-populated\">\n\t\t\t\t\t\t<div class=\"elementor-element elementor-element-4d8f203 elementor-widget elementor-widget-text-editor\" data-id=\"4d8f203\" data-element_type=\"widget\" data-e-type=\"widget\" data-widget_type=\"text-editor.default\">\n\t\t\t\t<div class=\"elementor-widget-container\">\n\t\t\t\t\t\t\t\t\t<h5>\u00a0<\/h5><h5>\u00a0<\/h5><h5 style=\"text-align: center;\"><span style=\"color: #000000;\"><strong>Kurz-Kreuz<\/strong><\/span><\/h5><p>Standort: Bruckm\u00fchl an der B 299 und der Abzweigung zu Gottfried Maier, Maurergesch\u00e4ft, bzw. Obergarching;<br \/>Material: Betonstein; Christusfigur: Spritzguss, Kopf fehlt, wurde von Rowdys abgeschlagen;<br \/>Johann Kurz (Forstmeier in Obergarching, jetzt Familie Reiter) errichtete dieses Kreuz als Folge eines Gel\u00fcbdes, das er im 1. WK an der Front ablegte. Erst 1950 l\u00f6ste er<br \/>das Versprechen ein und seit dieser Zeit steht dieses Kreuz an der Bundesstra\u00dfe in Bruck.<br \/>Inschrift am Sockel:<br \/>GOTT SEGNE DIE FLUREN<br \/>Errichtet aus Dankbarkeit<br \/>J. K. <br \/>1980 wurde die Christusfigur aus Metall gestohlen. Als Ersatz klebte Paul Maier ein Steinkreuz, das bis 1979 in der Nische der Hirschs\u00e4ule im Hartwald stand, an das Betonkreuz. <br \/>Im Zuge der Begradigung der B299 wurde das Kreuz 2011 an der jetzigen Stelle wieder aufgestellt.<\/p><p>\u00a0<\/p><p>\u00a0<\/p><p>\u00a0<\/p><p>\u00a0<\/p><p>\u00a0<\/p><p>\u00a0<\/p><hr \/><p>\u00a0<\/p>\t\t\t\t\t\t\t\t<\/div>\n\t\t\t\t<\/div>\n\t\t\t\t\t<\/div>\n\t\t<\/div>\n\t\t\t\t\t<\/div>\n\t\t<\/section>\n\t\t\t\t<section class=\"elementor-section elementor-top-section elementor-element elementor-element-0c50e83 elementor-section-boxed elementor-section-height-default elementor-section-height-default\" data-id=\"0c50e83\" data-element_type=\"section\" data-e-type=\"section\">\n\t\t\t\t\t\t<div class=\"elementor-container elementor-column-gap-default\">\n\t\t\t\t\t<div class=\"elementor-column elementor-col-50 elementor-top-column elementor-element elementor-element-66d1ed2\" data-id=\"66d1ed2\" data-element_type=\"column\" data-e-type=\"column\">\n\t\t\t<div class=\"elementor-widget-wrap elementor-element-populated\">\n\t\t\t\t\t\t<div class=\"elementor-element elementor-element-1dd260d elementor-widget elementor-widget-image\" data-id=\"1dd260d\" data-element_type=\"widget\" data-e-type=\"widget\" data-widget_type=\"image.default\">\n\t\t\t\t<div class=\"elementor-widget-container\">\n\t\t\t\t\t\t\t\t\t\t\t\t\t\t\t<img loading=\"lazy\" decoding=\"async\" width=\"683\" height=\"1024\" src=\"https:\/\/www.heimatbund-garching.de\/wp-content\/uploads\/2026\/08\/027_Mauerberg_002-683x1024.jpg\" class=\"attachment-large size-large wp-image-2965\" alt=\"\" srcset=\"https:\/\/www.heimatbund-garching.de\/wp-content\/uploads\/2026\/08\/027_Mauerberg_002-683x1024.jpg 683w, https:\/\/www.heimatbund-garching.de\/wp-content\/uploads\/2026\/08\/027_Mauerberg_002-200x300.jpg 200w, https:\/\/www.heimatbund-garching.de\/wp-content\/uploads\/2026\/08\/027_Mauerberg_002-768x1152.jpg 768w, https:\/\/www.heimatbund-garching.de\/wp-content\/uploads\/2026\/08\/027_Mauerberg_002-1024x1536.jpg 1024w, https:\/\/www.heimatbund-garching.de\/wp-content\/uploads\/2026\/08\/027_Mauerberg_002-1365x2048.jpg 1365w, https:\/\/www.heimatbund-garching.de\/wp-content\/uploads\/2026\/08\/027_Mauerberg_002-scaled.jpg 1707w\" sizes=\"(max-width: 683px) 100vw, 683px\" \/>\t\t\t\t\t\t\t\t\t\t\t\t\t\t\t<\/div>\n\t\t\t\t<\/div>\n\t\t\t\t\t<\/div>\n\t\t<\/div>\n\t\t\t\t<div class=\"elementor-column elementor-col-50 elementor-top-column elementor-element elementor-element-7de75e2\" data-id=\"7de75e2\" data-element_type=\"column\" data-e-type=\"column\">\n\t\t\t<div class=\"elementor-widget-wrap elementor-element-populated\">\n\t\t\t\t\t\t<div class=\"elementor-element elementor-element-5d47c3e elementor-widget elementor-widget-text-editor\" data-id=\"5d47c3e\" data-element_type=\"widget\" data-e-type=\"widget\" data-widget_type=\"text-editor.default\">\n\t\t\t\t<div class=\"elementor-widget-container\">\n\t\t\t\t\t\t\t\t\t<p>\u00a0<\/p><h5 style=\"text-align: center;\"><strong><span style=\"color: #000000;\">Gedenkstein Peter Lungocz<\/span><\/strong><\/h5><p><br \/>Vom Ortszentrum Mauerberg Richtung Unterneukirchen den Berg abw\u00e4rts fahrend steht rechts, etwas erh\u00f6ht, am Stra\u00dfenrand, ungef\u00e4hr gegen\u00fcber dem Stra\u00dfenabzweig nach Flohberg, dieser Gedenkstein. <br \/>Peter Lungocz, geb. 22. 05. 1960 in Traunwalchen, Krs. Traunstein, geriet in der Nacht vom 19. auf 20. Juni 85 aus ungekl\u00e4rter Ursache mit dem Motorrad nach rechts in den Rinnstein und prallte an einen Baum, wo er t\u00f6dlich verletzt liegen blieb.<br \/>Sein Bruder Gerhard und ein paar seiner besten Freunde lie\u00dfen von Steinmetz Rudolf Pscheidl aus einem roten Marmor-Abfallklote und einem alten Grabstein dieses Marterl gestalten.\u00a0<\/p><p>\u00a0<\/p><p>\u00a0<\/p><p>\u00a0<\/p><p>\u00a0<\/p><p>\u00a0<\/p><p>\u00a0<\/p><p>\u00a0<\/p><hr \/><p>\u00a0<\/p><p>\u00a0<\/p><p>\u00a0<\/p>\t\t\t\t\t\t\t\t<\/div>\n\t\t\t\t<\/div>\n\t\t\t\t\t<\/div>\n\t\t<\/div>\n\t\t\t\t\t<\/div>\n\t\t<\/section>\n\t\t\t\t<section class=\"elementor-section elementor-top-section elementor-element elementor-element-2a33277 elementor-section-boxed elementor-section-height-default elementor-section-height-default\" data-id=\"2a33277\" data-element_type=\"section\" data-e-type=\"section\">\n\t\t\t\t\t\t<div class=\"elementor-container elementor-column-gap-default\">\n\t\t\t\t\t<div class=\"elementor-column elementor-col-100 elementor-top-column elementor-element elementor-element-a92b2cf\" data-id=\"a92b2cf\" data-element_type=\"column\" data-e-type=\"column\">\n\t\t\t<div class=\"elementor-widget-wrap elementor-element-populated\">\n\t\t\t\t\t\t\t<\/div>\n\t\t<\/div>\n\t\t\t\t\t<\/div>\n\t\t<\/section>\n\t\t\t\t<section class=\"elementor-section elementor-top-section elementor-element elementor-element-9d39c86 elementor-section-boxed elementor-section-height-default elementor-section-height-default\" data-id=\"9d39c86\" data-element_type=\"section\" data-e-type=\"section\">\n\t\t\t\t\t\t<div class=\"elementor-container elementor-column-gap-default\">\n\t\t\t\t\t<div class=\"elementor-column elementor-col-100 elementor-top-column elementor-element elementor-element-85e8485\" data-id=\"85e8485\" data-element_type=\"column\" data-e-type=\"column\">\n\t\t\t<div class=\"elementor-widget-wrap elementor-element-populated\">\n\t\t\t\t\t\t\t<\/div>\n\t\t<\/div>\n\t\t\t\t\t<\/div>\n\t\t<\/section>\n\t\t\t\t<section class=\"elementor-section elementor-top-section elementor-element elementor-element-9704c51 elementor-section-boxed elementor-section-height-default elementor-section-height-default\" data-id=\"9704c51\" data-element_type=\"section\" data-e-type=\"section\">\n\t\t\t\t\t\t<div class=\"elementor-container elementor-column-gap-default\">\n\t\t\t\t\t<div class=\"elementor-column elementor-col-100 elementor-top-column elementor-element elementor-element-2712b9d\" data-id=\"2712b9d\" data-element_type=\"column\" data-e-type=\"column\">\n\t\t\t<div class=\"elementor-widget-wrap elementor-element-populated\">\n\t\t\t\t\t\t\t<\/div>\n\t\t<\/div>\n\t\t\t\t\t<\/div>\n\t\t<\/section>\n\t\t\t\t<section class=\"elementor-section elementor-top-section elementor-element elementor-element-441a14f elementor-section-boxed elementor-section-height-default elementor-section-height-default\" data-id=\"441a14f\" data-element_type=\"section\" data-e-type=\"section\">\n\t\t\t\t\t\t<div class=\"elementor-container elementor-column-gap-default\">\n\t\t\t\t\t<div class=\"elementor-column elementor-col-100 elementor-top-column elementor-element elementor-element-923b4cb\" data-id=\"923b4cb\" data-element_type=\"column\" data-e-type=\"column\">\n\t\t\t<div class=\"elementor-widget-wrap elementor-element-populated\">\n\t\t\t\t\t\t<div class=\"elementor-element elementor-element-59dc076 elementor-widget elementor-widget-text-editor\" data-id=\"59dc076\" data-element_type=\"widget\" data-e-type=\"widget\" data-widget_type=\"text-editor.default\">\n\t\t\t\t<div class=\"elementor-widget-container\">\n\t\t\t\t\t\t\t\t\t<p>\u00a0<\/p><hr \/><hr \/><hr \/><hr \/>\t\t\t\t\t\t\t\t<\/div>\n\t\t\t\t<\/div>\n\t\t\t\t\t<\/div>\n\t\t<\/div>\n\t\t\t\t\t<\/div>\n\t\t<\/section>\n\t\t\t\t<section class=\"elementor-section elementor-top-section elementor-element elementor-element-eb5eaf2 elementor-section-boxed elementor-section-height-default elementor-section-height-default\" data-id=\"eb5eaf2\" data-element_type=\"section\" data-e-type=\"section\">\n\t\t\t\t\t\t<div class=\"elementor-container elementor-column-gap-default\">\n\t\t\t\t\t<div class=\"elementor-column elementor-col-100 elementor-top-column elementor-element elementor-element-f615d8e\" data-id=\"f615d8e\" data-element_type=\"column\" data-e-type=\"column\">\n\t\t\t<div class=\"elementor-widget-wrap elementor-element-populated\">\n\t\t\t\t\t\t\t<\/div>\n\t\t<\/div>\n\t\t\t\t\t<\/div>\n\t\t<\/section>\n\t\t\t\t<section class=\"elementor-section elementor-top-section elementor-element elementor-element-1b75071 elementor-section-boxed elementor-section-height-default elementor-section-height-default\" data-id=\"1b75071\" data-element_type=\"section\" data-e-type=\"section\">\n\t\t\t\t\t\t<div class=\"elementor-container elementor-column-gap-default\">\n\t\t\t\t\t<div class=\"elementor-column elementor-col-100 elementor-top-column elementor-element elementor-element-6a68e4c\" data-id=\"6a68e4c\" data-element_type=\"column\" data-e-type=\"column\">\n\t\t\t<div class=\"elementor-widget-wrap elementor-element-populated\">\n\t\t\t\t\t\t<div class=\"elementor-element elementor-element-5559ff2 elementor-widget elementor-widget-text-editor\" data-id=\"5559ff2\" data-element_type=\"widget\" data-e-type=\"widget\" data-widget_type=\"text-editor.default\">\n\t\t\t\t<div class=\"elementor-widget-container\">\n\t\t\t\t\t\t\t\t\t<p>\u00a0<\/p><p>\u00a0<\/p>\t\t\t\t\t\t\t\t<\/div>\n\t\t\t\t<\/div>\n\t\t\t\t\t<\/div>\n\t\t<\/div>\n\t\t\t\t\t<\/div>\n\t\t<\/section>\n\t\t\t\t<\/div>\n\t\t","protected":false},"excerpt":{"rendered":"<p>Wegkreuz Brandhub S\u00fcdwestlich der Einm\u00fcndung in die Stra\u00dfe von Neukirchen nach Wald steht ein Wetterkreuz, das zum Hof von Anton u. Maria Huber in Brandhub geh\u00f6rt. Auf eine lange Tradition weist der unter Flurnummer 60 f\u00fcr die Gemeinde Neukirchen eingetragene Name &#8222;die zwei Wetterkreuzlandl&#8220; hin. Ihn findet man auch im Kataster von 1850. Bereits 1889&hellip;&nbsp;<a href=\"https:\/\/www.heimatbund-garching.de\/?page_id=942\" rel=\"bookmark\">Weiterlesen &raquo;<span class=\"screen-reader-text\">Marterl<\/span><\/a><\/p>\n","protected":false},"author":1,"featured_media":0,"parent":0,"menu_order":0,"comment_status":"closed","ping_status":"closed","template":"page-templates\/template-pagebuilder-full-width.php","meta":{"neve_meta_sidebar":"","neve_meta_container":"","neve_meta_enable_content_width":"","neve_meta_content_width":70,"neve_meta_title_alignment":"","neve_meta_author_avatar":"","neve_post_elements_order":"","neve_meta_disable_header":"","neve_meta_disable_footer":"","neve_meta_disable_title":"","_themeisle_gutenberg_block_has_review":false,"footnotes":""},"class_list":["post-942","page","type-page","status-publish","hentry"],"_links":{"self":[{"href":"https:\/\/www.heimatbund-garching.de\/index.php?rest_route=\/wp\/v2\/pages\/942","targetHints":{"allow":["GET"]}}],"collection":[{"href":"https:\/\/www.heimatbund-garching.de\/index.php?rest_route=\/wp\/v2\/pages"}],"about":[{"href":"https:\/\/www.heimatbund-garching.de\/index.php?rest_route=\/wp\/v2\/types\/page"}],"author":[{"embeddable":true,"href":"https:\/\/www.heimatbund-garching.de\/index.php?rest_route=\/wp\/v2\/users\/1"}],"replies":[{"embeddable":true,"href":"https:\/\/www.heimatbund-garching.de\/index.php?rest_route=%2Fwp%2Fv2%2Fcomments&post=942"}],"version-history":[{"count":172,"href":"https:\/\/www.heimatbund-garching.de\/index.php?rest_route=\/wp\/v2\/pages\/942\/revisions"}],"predecessor-version":[{"id":2968,"href":"https:\/\/www.heimatbund-garching.de\/index.php?rest_route=\/wp\/v2\/pages\/942\/revisions\/2968"}],"wp:attachment":[{"href":"https:\/\/www.heimatbund-garching.de\/index.php?rest_route=%2Fwp%2Fv2%2Fmedia&parent=942"}],"curies":[{"name":"wp","href":"https:\/\/api.w.org\/{rel}","templated":true}]}}